{"id":37,"date":"2024-07-22T12:17:27","date_gmt":"2024-07-22T12:17:27","guid":{"rendered":"https:\/\/lnx.ivanfois.com\/fotografo-matrimoni-torino\/?page_id=37"},"modified":"2025-03-02T10:34:35","modified_gmt":"2025-03-02T10:34:35","slug":"home","status":"publish","type":"page","link":"https:\/\/www.ivanfois.com\/fotografo-matrimoni-torino\/","title":{"rendered":"Home"},"content":{"rendered":"\t\t<div data-elementor-type=\"wp-page\" data-elementor-id=\"37\" class=\"elementor elementor-37\">\n\t\t\t\t<div class=\"elementor-element elementor-element-b199071 e-flex e-con-boxed e-con e-parent\" data-id=\"b199071\" data-element_type=\"container\" data-settings=\"{&quot;background_background&quot;:&quot;slideshow&quot;,&quot;background_slideshow_gallery&quot;:[{&quot;id&quot;:88,&quot;url&quot;:&quot;https:\\\/\\\/www.ivanfois.com\\\/fotografo-matrimoni-torino\\\/wp-content\\\/uploads\\\/2024\\\/07\\\/WEDDING-01-c8f1d72f.jpg&quot;},{&quot;id&quot;:124,&quot;url&quot;:&quot;https:\\\/\\\/www.ivanfois.com\\\/fotografo-matrimoni-torino\\\/wp-content\\\/uploads\\\/2024\\\/07\\\/WEDDING-09-1.jpg&quot;},{&quot;id&quot;:172,&quot;url&quot;:&quot;https:\\\/\\\/www.ivanfois.com\\\/fotografo-matrimoni-torino\\\/wp-content\\\/uploads\\\/2024\\\/07\\\/WEDDING-18.jpg&quot;},{&quot;id&quot;:55,&quot;url&quot;:&quot;https:\\\/\\\/www.ivanfois.com\\\/fotografo-matrimoni-torino\\\/wp-content\\\/uploads\\\/2024\\\/07\\\/WEDDING-165.jpeg&quot;}],&quot;background_slideshow_ken_burns&quot;:&quot;yes&quot;,&quot;background_slideshow_loop&quot;:&quot;yes&quot;,&quot;background_slideshow_slide_duration&quot;:5000,&quot;background_slideshow_slide_transition&quot;:&quot;fade&quot;,&quot;background_slideshow_transition_duration&quot;:500,&quot;background_slideshow_ken_burns_zoom_direction&quot;:&quot;in&quot;}\">\n\t\t\t\t\t<div class=\"e-con-inner\">\n\t\t\t\t<div class=\"elementor-element elementor-element-ed196bf elementor-invisible elementor-widget elementor-widget-heading\" data-id=\"ed196bf\" data-element_type=\"widget\" data-settings=\"{&quot;_animation&quot;:&quot;fadeInDown&quot;}\" data-widget_type=\"heading.default\">\n\t\t\t\t<div class=\"elementor-widget-container\">\n\t\t\t<h1 class=\"elementor-heading-title elementor-size-default\">Ivan Fois Wedding<\/h1>\t\t<\/div>\n\t\t\t\t<\/div>\n\t\t\t\t<div class=\"elementor-element elementor-element-483274d elementor-invisible elementor-widget elementor-widget-heading\" data-id=\"483274d\" data-element_type=\"widget\" data-settings=\"{&quot;_animation&quot;:&quot;fadeInUp&quot;}\" data-widget_type=\"heading.default\">\n\t\t\t\t<div class=\"elementor-widget-container\">\n\t\t\t<p class=\"elementor-heading-title elementor-size-default\">Fotografo di Matrimoni a Torino<\/p>\t\t<\/div>\n\t\t\t\t<\/div>\n\t\t\t\t\t<\/div>\n\t\t\t\t<\/div>\n\t\t<div class=\"elementor-element elementor-element-58196ece e-flex e-con-boxed e-con e-parent\" data-id=\"58196ece\" data-element_type=\"container\" data-settings=\"{&quot;background_background&quot;:&quot;classic&quot;}\">\n\t\t\t\t\t<div class=\"e-con-inner\">\n\t\t<div class=\"elementor-element elementor-element-7c28d2b2 e-con-full e-flex e-con e-child\" data-id=\"7c28d2b2\" data-element_type=\"container\">\n\t\t\t\t<div class=\"elementor-element elementor-element-19cc721c elementor-invisible elementor-widget elementor-widget-heading\" data-id=\"19cc721c\" data-element_type=\"widget\" data-settings=\"{&quot;_animation&quot;:&quot;fadeIn&quot;}\" data-widget_type=\"heading.default\">\n\t\t\t\t<div class=\"elementor-widget-container\">\n\t\t\t<h2 class=\"elementor-heading-title elementor-size-default\">\"L'amore \u00e8 il mio linguaggio, la fotografia il mio strumento\"<\/h2>\t\t<\/div>\n\t\t\t\t<\/div>\n\t\t\t\t<div class=\"elementor-element elementor-element-2b068cb5 elementor-widget-divider--view-line elementor-widget elementor-widget-divider\" data-id=\"2b068cb5\" data-element_type=\"widget\" data-widget_type=\"divider.default\">\n\t\t\t\t<div class=\"elementor-widget-container\">\n\t\t\t\t\t<div class=\"elementor-divider\">\n\t\t\t<span class=\"elementor-divider-separator\">\n\t\t\t\t\t\t<\/span>\n\t\t<\/div>\n\t\t\t\t<\/div>\n\t\t\t\t<\/div>\n\t\t\t\t<div class=\"elementor-element elementor-element-7dab8959 elementor-widget__width-initial elementor-invisible elementor-widget elementor-widget-text-editor\" data-id=\"7dab8959\" data-element_type=\"widget\" data-settings=\"{&quot;_animation&quot;:&quot;fadeIn&quot;}\" data-widget_type=\"text-editor.default\">\n\t\t\t\t<div class=\"elementor-widget-container\">\n\t\t\t\t\t\t\t<p>Mi ispiro alle persone, alle loro storie. Guardo, ascolto e alla fine scatto, catturando quell\u2019attimo di eternit\u00e0 che mi emoziona. Benvenuti nel mio mondo.<\/p>\t\t\t\t\t\t<\/div>\n\t\t\t\t<\/div>\n\t\t\t\t<\/div>\n\t\t\t\t\t<\/div>\n\t\t\t\t<\/div>\n\t\t<div class=\"elementor-element elementor-element-7aa3432d e-flex e-con-boxed e-con e-parent\" data-id=\"7aa3432d\" data-element_type=\"container\" data-settings=\"{&quot;background_background&quot;:&quot;classic&quot;}\">\n\t\t\t\t\t<div class=\"e-con-inner\">\n\t\t<div class=\"elementor-element elementor-element-56c32f8d e-con-full e-flex e-con e-child\" data-id=\"56c32f8d\" data-element_type=\"container\">\n\t\t\t\t<div class=\"elementor-element elementor-element-56527595 elementor-invisible elementor-widget elementor-widget-heading\" data-id=\"56527595\" data-element_type=\"widget\" data-settings=\"{&quot;_animation&quot;:&quot;fadeInDown&quot;}\" data-widget_type=\"heading.default\">\n\t\t\t\t<div class=\"elementor-widget-container\">\n\t\t\t<h2 class=\"elementor-heading-title elementor-size-default\">Wedding Dreamer<\/h2>\t\t<\/div>\n\t\t\t\t<\/div>\n\t\t\t\t<div class=\"elementor-element elementor-element-73e559eb elementor-widget-divider--view-line elementor-widget elementor-widget-divider\" data-id=\"73e559eb\" data-element_type=\"widget\" data-widget_type=\"divider.default\">\n\t\t\t\t<div class=\"elementor-widget-container\">\n\t\t\t\t\t<div class=\"elementor-divider\">\n\t\t\t<span class=\"elementor-divider-separator\">\n\t\t\t\t\t\t<\/span>\n\t\t<\/div>\n\t\t\t\t<\/div>\n\t\t\t\t<\/div>\n\t\t\t\t<div class=\"elementor-element elementor-element-5c41ab74 elementor-invisible elementor-widget elementor-widget-text-editor\" data-id=\"5c41ab74\" data-element_type=\"widget\" data-settings=\"{&quot;_animation&quot;:&quot;fadeIn&quot;}\" data-widget_type=\"text-editor.default\">\n\t\t\t\t<div class=\"elementor-widget-container\">\n\t\t\t\t\t\t\t<p>Mi sono accostato alla fotografia di matrimonio fin da molto giovane. Mi affascinava l\u2019idea di avere l\u00ec, davanti ai miei occhi, tutto il materiale per poter raccontare una storia&#8230;\u00a0<\/p>\t\t\t\t\t\t<\/div>\n\t\t\t\t<\/div>\n\t\t\t\t<div class=\"elementor-element elementor-element-f5aced0 elementor-widget elementor-widget-button\" data-id=\"f5aced0\" data-element_type=\"widget\" data-widget_type=\"button.default\">\n\t\t\t\t<div class=\"elementor-widget-container\">\n\t\t\t\t\t<div class=\"elementor-button-wrapper\">\n\t\t\t<a class=\"elementor-button elementor-button-link elementor-size-sm\" href=\"https:\/\/www.ivanfois.com\/fotografo-matrimoni-torino\/contatti\/\">\n\t\t\t\t\t\t<span class=\"elementor-button-content-wrapper\">\n\t\t\t\t\t\t\t\t\t<span class=\"elementor-button-text\">Fissa un  appuntamento<\/span>\n\t\t\t\t\t<\/span>\n\t\t\t\t\t<\/a>\n\t\t<\/div>\n\t\t\t\t<\/div>\n\t\t\t\t<\/div>\n\t\t\t\t<\/div>\n\t\t<div class=\"elementor-element elementor-element-6eaf93c0 e-con-full e-flex e-con e-child\" data-id=\"6eaf93c0\" data-element_type=\"container\">\n\t\t\t\t<div class=\"elementor-element elementor-element-55c9b1e9 elementor-invisible elementor-widget elementor-widget-image\" data-id=\"55c9b1e9\" data-element_type=\"widget\" data-settings=\"{&quot;_animation&quot;:&quot;fadeIn&quot;}\" data-widget_type=\"image.default\">\n\t\t\t\t<div class=\"elementor-widget-container\">\n\t\t\t\t\t\t\t\t\t\t\t\t\t<img decoding=\"async\" src=\"https:\/\/lnx.ivanfois.com\/fotografo-matrimoni-torino\/wp-content\/uploads\/photo-gallery\/portfolio\/WEDDING-05.jpg\" title=\"\" alt=\"\" loading=\"lazy\" \/>\t\t\t\t\t\t\t\t\t\t\t\t\t<\/div>\n\t\t\t\t<\/div>\n\t\t\t\t<\/div>\n\t\t\t\t\t<\/div>\n\t\t\t\t<\/div>\n\t\t<div class=\"elementor-element elementor-element-06da4f0 e-flex e-con-boxed e-con e-parent\" data-id=\"06da4f0\" data-element_type=\"container\">\n\t\t\t\t\t<div class=\"e-con-inner\">\n\t\t<div class=\"elementor-element elementor-element-b046f45 e-con-full e-flex e-con e-child\" data-id=\"b046f45\" data-element_type=\"container\">\n\t\t\t\t<div class=\"elementor-element elementor-element-a93b57f elementor-pagination-position-inside elementor-arrows-position-inside elementor-widget elementor-widget-image-carousel\" data-id=\"a93b57f\" data-element_type=\"widget\" data-settings=\"{&quot;slides_to_show&quot;:&quot;1&quot;,&quot;navigation&quot;:&quot;both&quot;,&quot;autoplay&quot;:&quot;yes&quot;,&quot;pause_on_hover&quot;:&quot;yes&quot;,&quot;pause_on_interaction&quot;:&quot;yes&quot;,&quot;autoplay_speed&quot;:5000,&quot;infinite&quot;:&quot;yes&quot;,&quot;effect&quot;:&quot;slide&quot;,&quot;speed&quot;:500}\" data-widget_type=\"image-carousel.default\">\n\t\t\t\t<div class=\"elementor-widget-container\">\n\t\t\t\t\t<div class=\"elementor-image-carousel-wrapper swiper\" dir=\"ltr\">\n\t\t\t<div class=\"elementor-image-carousel swiper-wrapper\" aria-live=\"off\">\n\t\t\t\t\t\t\t\t<div class=\"swiper-slide\" role=\"group\" aria-roledescription=\"slide\" aria-label=\"1 di 4\"><figure class=\"swiper-slide-inner\"><img decoding=\"async\" class=\"swiper-slide-image\" src=\"https:\/\/www.ivanfois.com\/fotografo-matrimoni-torino\/wp-content\/uploads\/2024\/07\/WEDDING-92.jpg\" alt=\"WEDDING-92\" srcset=\"https:\/\/www.ivanfois.com\/fotografo-matrimoni-torino\/wp-content\/uploads\/2024\/07\/WEDDING-92.jpg 1333w, https:\/\/www.ivanfois.com\/fotografo-matrimoni-torino\/wp-content\/uploads\/2024\/07\/WEDDING-92-200x300.jpg 200w, https:\/\/www.ivanfois.com\/fotografo-matrimoni-torino\/wp-content\/uploads\/2024\/07\/WEDDING-92-682x1024.jpg 682w, https:\/\/www.ivanfois.com\/fotografo-matrimoni-torino\/wp-content\/uploads\/2024\/07\/WEDDING-92-768x1152.jpg 768w, https:\/\/www.ivanfois.com\/fotografo-matrimoni-torino\/wp-content\/uploads\/2024\/07\/WEDDING-92-1024x1536.jpg 1024w\" sizes=\"(max-width: 1333px) 100vw, 1333px\" \/><\/figure><\/div><div class=\"swiper-slide\" role=\"group\" aria-roledescription=\"slide\" aria-label=\"2 di 4\"><figure class=\"swiper-slide-inner\"><img decoding=\"async\" class=\"swiper-slide-image\" src=\"https:\/\/www.ivanfois.com\/fotografo-matrimoni-torino\/wp-content\/uploads\/2024\/07\/WEDDING-08.jpeg\" alt=\"WEDDING-08\" srcset=\"https:\/\/www.ivanfois.com\/fotografo-matrimoni-torino\/wp-content\/uploads\/2024\/07\/WEDDING-08.jpeg 1333w, https:\/\/www.ivanfois.com\/fotografo-matrimoni-torino\/wp-content\/uploads\/2024\/07\/WEDDING-08-200x300.jpeg 200w, https:\/\/www.ivanfois.com\/fotografo-matrimoni-torino\/wp-content\/uploads\/2024\/07\/WEDDING-08-682x1024.jpeg 682w, https:\/\/www.ivanfois.com\/fotografo-matrimoni-torino\/wp-content\/uploads\/2024\/07\/WEDDING-08-768x1152.jpeg 768w, https:\/\/www.ivanfois.com\/fotografo-matrimoni-torino\/wp-content\/uploads\/2024\/07\/WEDDING-08-1024x1536.jpeg 1024w\" sizes=\"(max-width: 1333px) 100vw, 1333px\" \/><\/figure><\/div><div class=\"swiper-slide\" role=\"group\" aria-roledescription=\"slide\" aria-label=\"3 di 4\"><figure class=\"swiper-slide-inner\"><img decoding=\"async\" class=\"swiper-slide-image\" src=\"https:\/\/www.ivanfois.com\/fotografo-matrimoni-torino\/wp-content\/uploads\/2024\/07\/WEDDING-03.jpg\" alt=\"WEDDING-03\" srcset=\"https:\/\/www.ivanfois.com\/fotografo-matrimoni-torino\/wp-content\/uploads\/2024\/07\/WEDDING-03.jpg 1333w, https:\/\/www.ivanfois.com\/fotografo-matrimoni-torino\/wp-content\/uploads\/2024\/07\/WEDDING-03-200x300.jpg 200w, https:\/\/www.ivanfois.com\/fotografo-matrimoni-torino\/wp-content\/uploads\/2024\/07\/WEDDING-03-682x1024.jpg 682w, https:\/\/www.ivanfois.com\/fotografo-matrimoni-torino\/wp-content\/uploads\/2024\/07\/WEDDING-03-768x1152.jpg 768w, https:\/\/www.ivanfois.com\/fotografo-matrimoni-torino\/wp-content\/uploads\/2024\/07\/WEDDING-03-1024x1536.jpg 1024w\" sizes=\"(max-width: 1333px) 100vw, 1333px\" \/><\/figure><\/div><div class=\"swiper-slide\" role=\"group\" aria-roledescription=\"slide\" aria-label=\"4 di 4\"><figure class=\"swiper-slide-inner\"><img decoding=\"async\" class=\"swiper-slide-image\" src=\"https:\/\/www.ivanfois.com\/fotografo-matrimoni-torino\/wp-content\/uploads\/2024\/07\/WEDDING-86.jpg\" alt=\"WEDDING-86\" srcset=\"https:\/\/www.ivanfois.com\/fotografo-matrimoni-torino\/wp-content\/uploads\/2024\/07\/WEDDING-86.jpg 1333w, https:\/\/www.ivanfois.com\/fotografo-matrimoni-torino\/wp-content\/uploads\/2024\/07\/WEDDING-86-200x300.jpg 200w, https:\/\/www.ivanfois.com\/fotografo-matrimoni-torino\/wp-content\/uploads\/2024\/07\/WEDDING-86-682x1024.jpg 682w, https:\/\/www.ivanfois.com\/fotografo-matrimoni-torino\/wp-content\/uploads\/2024\/07\/WEDDING-86-768x1152.jpg 768w, https:\/\/www.ivanfois.com\/fotografo-matrimoni-torino\/wp-content\/uploads\/2024\/07\/WEDDING-86-1024x1536.jpg 1024w\" sizes=\"(max-width: 1333px) 100vw, 1333px\" \/><\/figure><\/div>\t\t\t<\/div>\n\t\t\t\t\t\t\t\t\t\t\t\t<div class=\"elementor-swiper-button elementor-swiper-button-prev\" role=\"button\" tabindex=\"0\">\n\t\t\t\t\t\t<svg aria-hidden=\"true\" class=\"e-font-icon-svg e-eicon-chevron-left\" viewBox=\"0 0 1000 1000\" xmlns=\"http:\/\/www.w3.org\/2000\/svg\"><path d=\"M646 125C629 125 613 133 604 142L308 442C296 454 292 471 292 487 292 504 296 521 308 533L604 854C617 867 629 875 646 875 663 875 679 871 692 858 704 846 713 829 713 812 713 796 708 779 692 767L438 487 692 225C700 217 708 204 708 187 708 171 704 154 692 142 675 129 663 125 646 125Z\"><\/path><\/svg>\t\t\t\t\t<\/div>\n\t\t\t\t\t<div class=\"elementor-swiper-button elementor-swiper-button-next\" role=\"button\" tabindex=\"0\">\n\t\t\t\t\t\t<svg aria-hidden=\"true\" class=\"e-font-icon-svg e-eicon-chevron-right\" viewBox=\"0 0 1000 1000\" xmlns=\"http:\/\/www.w3.org\/2000\/svg\"><path d=\"M696 533C708 521 713 504 713 487 713 471 708 454 696 446L400 146C388 133 375 125 354 125 338 125 325 129 313 142 300 154 292 171 292 187 292 204 296 221 308 233L563 492 304 771C292 783 288 800 288 817 288 833 296 850 308 863 321 871 338 875 354 875 371 875 388 867 400 854L696 533Z\"><\/path><\/svg>\t\t\t\t\t<\/div>\n\t\t\t\t\n\t\t\t\t\t\t\t\t\t<div class=\"swiper-pagination\"><\/div>\n\t\t\t\t\t\t\t\t\t<\/div>\n\t\t\t\t<\/div>\n\t\t\t\t<\/div>\n\t\t\t\t<\/div>\n\t\t<div class=\"elementor-element elementor-element-47d415fc e-con-full stck e-flex elementor-invisible e-con e-child\" data-id=\"47d415fc\" data-element_type=\"container\" data-settings=\"{&quot;background_background&quot;:&quot;classic&quot;,&quot;animation&quot;:&quot;fadeIn&quot;}\">\n\t\t\t\t<div class=\"elementor-element elementor-element-60f17873 elementor-widget elementor-widget-heading\" data-id=\"60f17873\" data-element_type=\"widget\" data-widget_type=\"heading.default\">\n\t\t\t\t<div class=\"elementor-widget-container\">\n\t\t\t<h2 class=\"elementor-heading-title elementor-size-default\">Un giorno speciale<\/h2>\t\t<\/div>\n\t\t\t\t<\/div>\n\t\t\t\t<div class=\"elementor-element elementor-element-1a3af8a1 elementor-widget-divider--view-line elementor-widget elementor-widget-divider\" data-id=\"1a3af8a1\" data-element_type=\"widget\" data-widget_type=\"divider.default\">\n\t\t\t\t<div class=\"elementor-widget-container\">\n\t\t\t\t\t<div class=\"elementor-divider\">\n\t\t\t<span class=\"elementor-divider-separator\">\n\t\t\t\t\t\t<\/span>\n\t\t<\/div>\n\t\t\t\t<\/div>\n\t\t\t\t<\/div>\n\t\t\t\t<div class=\"elementor-element elementor-element-1313fe74 elementor-widget elementor-widget-text-editor\" data-id=\"1313fe74\" data-element_type=\"widget\" data-widget_type=\"text-editor.default\">\n\t\t\t\t<div class=\"elementor-widget-container\">\n\t\t\t\t\t\t\t&#8230;una storia sempre diversa, perch\u00e9 diverse sono le persone, le location, gli amici\u2026\t\t\t\t\t\t<\/div>\n\t\t\t\t<\/div>\n\t\t\t\t<div class=\"elementor-element elementor-element-36b456d elementor-widget elementor-widget-button\" data-id=\"36b456d\" data-element_type=\"widget\" data-widget_type=\"button.default\">\n\t\t\t\t<div class=\"elementor-widget-container\">\n\t\t\t\t\t<div class=\"elementor-button-wrapper\">\n\t\t\t<a class=\"elementor-button elementor-button-link elementor-size-sm\" href=\"https:\/\/www.ivanfois.com\/fotografo-matrimoni-torino\/contatti\/\">\n\t\t\t\t\t\t<span class=\"elementor-button-content-wrapper\">\n\t\t\t\t\t\t\t\t\t<span class=\"elementor-button-text\">Fissa un  appuntamento<\/span>\n\t\t\t\t\t<\/span>\n\t\t\t\t\t<\/a>\n\t\t<\/div>\n\t\t\t\t<\/div>\n\t\t\t\t<\/div>\n\t\t\t\t<\/div>\n\t\t\t\t\t<\/div>\n\t\t\t\t<\/div>\n\t\t<div class=\"elementor-element elementor-element-508b520e e-flex e-con-boxed e-con e-parent\" data-id=\"508b520e\" data-element_type=\"container\" data-settings=\"{&quot;background_background&quot;:&quot;classic&quot;}\">\n\t\t\t\t\t<div class=\"e-con-inner\">\n\t\t\t\t<div class=\"elementor-element elementor-element-1fbc56f5 elementor-widget elementor-widget-heading\" data-id=\"1fbc56f5\" data-element_type=\"widget\" data-widget_type=\"heading.default\">\n\t\t\t\t<div class=\"elementor-widget-container\">\n\t\t\t<h2 class=\"elementor-heading-title elementor-size-default\">Raccontare una Storia<\/h2>\t\t<\/div>\n\t\t\t\t<\/div>\n\t\t\t\t<div class=\"elementor-element elementor-element-635c452e elementor-widget-divider--view-line elementor-widget elementor-widget-divider\" data-id=\"635c452e\" data-element_type=\"widget\" data-widget_type=\"divider.default\">\n\t\t\t\t<div class=\"elementor-widget-container\">\n\t\t\t\t\t<div class=\"elementor-divider\">\n\t\t\t<span class=\"elementor-divider-separator\">\n\t\t\t\t\t\t<\/span>\n\t\t<\/div>\n\t\t\t\t<\/div>\n\t\t\t\t<\/div>\n\t\t\t\t<div class=\"elementor-element elementor-element-36c51942 elementor-widget__width-initial elementor-widget elementor-widget-text-editor\" data-id=\"36c51942\" data-element_type=\"widget\" data-widget_type=\"text-editor.default\">\n\t\t\t\t<div class=\"elementor-widget-container\">\n\t\t\t\t\t\t\t<p>Desidero che le mie immagini evochino autenticit\u00e0, sentimento, emozioni e stati d\u2019animo tra i pi\u00f9 intensi. Filtro tutto attraverso il mio sguardo e la mia sensibilit\u00e0 estetica, nell\u2019ottica di valorizzare pienamente ognuno.<\/p>\t\t\t\t\t\t<\/div>\n\t\t\t\t<\/div>\n\t\t\t\t<div class=\"elementor-element elementor-element-08c6851 elementor-widget elementor-widget-qi_addons_for_elementor_blog_slider\" data-id=\"08c6851\" data-element_type=\"widget\" data-widget_type=\"qi_addons_for_elementor_blog_slider.default\">\n\t\t\t\t<div class=\"elementor-widget-container\">\n\t\t\t<div class=\"qodef-shortcode qodef-m  qodef-addons-blog-slider qodef-item-layout--info-on-image qodef-info-no-icons  qodef-image--hover-zoom  qodef-qi-grid qodef-qi-swiper-container qodef-item-layout--info-on-image qodef-navigation--inside  qodef-pagination--outside qodef-pagination-alignment--center   qodef-navigation--hover-move\" data-options=\"{&quot;direction&quot;:&quot;horizontal&quot;,&quot;slidesPerView&quot;:&quot;3&quot;,&quot;spaceBetween&quot;:10,&quot;spaceBetweenTablet&quot;:30,&quot;spaceBetweenMobile&quot;:30,&quot;effect&quot;:&quot;&quot;,&quot;loop&quot;:true,&quot;autoplay&quot;:true,&quot;centeredSlides&quot;:false,&quot;speed&quot;:&quot;8000&quot;,&quot;speedAnimation&quot;:&quot;&quot;,&quot;outsideNavigation&quot;:&quot;no&quot;,&quot;outsidePagination&quot;:&quot;yes&quot;,&quot;unique&quot;:&quot;1&quot;,&quot;partialValue&quot;:0,&quot;disablePartialValue&quot;:&quot;&quot;,&quot;parallax&quot;:&quot;no&quot;}\">\n\t<div class=\"swiper-wrapper\">\n\t\t<article class=\"qodef-e qodef-blog-item swiper-slide qodef-item--full post-450 post type-post status-publish format-standard has-post-thumbnail hentry category-uncategorized\">\n\t<div class=\"qodef-e-inner\">\n\t\t<div class=\"qodef-e-media\">\n\t\t<div class=\"qodef-e-media-image\">\n\t\t<a itemprop=\"url\" href=\"https:\/\/www.ivanfois.com\/fotografo-matrimoni-torino\/violeta-davide\/\">\n\t\t\t<img fetchpriority=\"high\" decoding=\"async\" width=\"1333\" height=\"2000\" src=\"https:\/\/www.ivanfois.com\/fotografo-matrimoni-torino\/wp-content\/uploads\/2024\/10\/Violeta-e-Davide.jpg\" class=\"attachment-full size-full\" alt=\"\" srcset=\"https:\/\/www.ivanfois.com\/fotografo-matrimoni-torino\/wp-content\/uploads\/2024\/10\/Violeta-e-Davide.jpg 1333w, https:\/\/www.ivanfois.com\/fotografo-matrimoni-torino\/wp-content\/uploads\/2024\/10\/Violeta-e-Davide-200x300.jpg 200w, https:\/\/www.ivanfois.com\/fotografo-matrimoni-torino\/wp-content\/uploads\/2024\/10\/Violeta-e-Davide-682x1024.jpg 682w, https:\/\/www.ivanfois.com\/fotografo-matrimoni-torino\/wp-content\/uploads\/2024\/10\/Violeta-e-Davide-768x1152.jpg 768w, https:\/\/www.ivanfois.com\/fotografo-matrimoni-torino\/wp-content\/uploads\/2024\/10\/Violeta-e-Davide-1024x1536.jpg 1024w, https:\/\/www.ivanfois.com\/fotografo-matrimoni-torino\/wp-content\/uploads\/2024\/10\/Violeta-e-Davide-333x500.jpg 333w\" sizes=\"(max-width: 1333px) 100vw, 1333px\" \/>\t\t<\/a>\n\t\t\t<\/div>\n<\/div>\n\t\t<div class=\"qodef-e-content\">\n\t\t\t\t\t\t\t<div class=\"qodef-e-info qodef-info--top\">\n\t\t\t\t\t<div itemprop=\"dateCreated\" class=\"qodef-e-info-item qodef-e-info-date entry-date \">\n\t<a itemprop=\"url\" href=\"https:\/\/www.ivanfois.com\/fotografo-matrimoni-torino\/2024\/10\/\">\n\t\t\t\tOttobre 27, 2024\t<\/a>\n<\/div>\n\t\t\t\t<\/div>\n\t\t\t\t\t\t<div class=\"qodef-e-text\">\n\t\t\t\t<h5 itemprop=\"name\" class=\"qodef-e-title entry-title\">\n\t<a itemprop=\"url\" class=\"qodef-e-title-link\" href=\"https:\/\/www.ivanfois.com\/fotografo-matrimoni-torino\/violeta-davide\/\">\n\t\tVioleta &amp; Davide\t<\/a>\n<\/h5>\n\t\t\t<\/div>\n\t\t<\/div>\n\t<\/div>\n<\/article>\n<article class=\"qodef-e qodef-blog-item swiper-slide qodef-item--full post-367 post type-post status-publish format-standard has-post-thumbnail hentry category-uncategorized\">\n\t<div class=\"qodef-e-inner\">\n\t\t<div class=\"qodef-e-media\">\n\t\t<div class=\"qodef-e-media-image\">\n\t\t<a itemprop=\"url\" href=\"https:\/\/www.ivanfois.com\/fotografo-matrimoni-torino\/tania-matteo\/\">\n\t\t\t<img decoding=\"async\" width=\"1333\" height=\"2000\" src=\"https:\/\/www.ivanfois.com\/fotografo-matrimoni-torino\/wp-content\/uploads\/2024\/07\/TANIA-E-MATTEO-74.jpg\" class=\"attachment-full size-full\" alt=\"\" srcset=\"https:\/\/www.ivanfois.com\/fotografo-matrimoni-torino\/wp-content\/uploads\/2024\/07\/TANIA-E-MATTEO-74.jpg 1333w, https:\/\/www.ivanfois.com\/fotografo-matrimoni-torino\/wp-content\/uploads\/2024\/07\/TANIA-E-MATTEO-74-200x300.jpg 200w, https:\/\/www.ivanfois.com\/fotografo-matrimoni-torino\/wp-content\/uploads\/2024\/07\/TANIA-E-MATTEO-74-682x1024.jpg 682w, https:\/\/www.ivanfois.com\/fotografo-matrimoni-torino\/wp-content\/uploads\/2024\/07\/TANIA-E-MATTEO-74-768x1152.jpg 768w, https:\/\/www.ivanfois.com\/fotografo-matrimoni-torino\/wp-content\/uploads\/2024\/07\/TANIA-E-MATTEO-74-1024x1536.jpg 1024w, https:\/\/www.ivanfois.com\/fotografo-matrimoni-torino\/wp-content\/uploads\/2024\/07\/TANIA-E-MATTEO-74-333x500.jpg 333w\" sizes=\"(max-width: 1333px) 100vw, 1333px\" \/>\t\t<\/a>\n\t\t\t<\/div>\n<\/div>\n\t\t<div class=\"qodef-e-content\">\n\t\t\t\t\t\t\t<div class=\"qodef-e-info qodef-info--top\">\n\t\t\t\t\t<div itemprop=\"dateCreated\" class=\"qodef-e-info-item qodef-e-info-date entry-date \">\n\t<a itemprop=\"url\" href=\"https:\/\/www.ivanfois.com\/fotografo-matrimoni-torino\/2024\/10\/\">\n\t\t\t\tOttobre 26, 2024\t<\/a>\n<\/div>\n\t\t\t\t<\/div>\n\t\t\t\t\t\t<div class=\"qodef-e-text\">\n\t\t\t\t<h5 itemprop=\"name\" class=\"qodef-e-title entry-title\">\n\t<a itemprop=\"url\" class=\"qodef-e-title-link\" href=\"https:\/\/www.ivanfois.com\/fotografo-matrimoni-torino\/tania-matteo\/\">\n\t\tTania &amp; Matteo\t<\/a>\n<\/h5>\n\t\t\t<\/div>\n\t\t<\/div>\n\t<\/div>\n<\/article>\n<article class=\"qodef-e qodef-blog-item swiper-slide qodef-item--full post-335 post type-post status-publish format-standard has-post-thumbnail hentry category-uncategorized\">\n\t<div class=\"qodef-e-inner\">\n\t\t<div class=\"qodef-e-media\">\n\t\t<div class=\"qodef-e-media-image\">\n\t\t<a itemprop=\"url\" href=\"https:\/\/www.ivanfois.com\/fotografo-matrimoni-torino\/lara-remo\/\">\n\t\t\t<img decoding=\"async\" width=\"1333\" height=\"2000\" src=\"https:\/\/www.ivanfois.com\/fotografo-matrimoni-torino\/wp-content\/uploads\/2024\/07\/WEDDING-86.jpg\" class=\"attachment-full size-full\" alt=\"\" srcset=\"https:\/\/www.ivanfois.com\/fotografo-matrimoni-torino\/wp-content\/uploads\/2024\/07\/WEDDING-86.jpg 1333w, https:\/\/www.ivanfois.com\/fotografo-matrimoni-torino\/wp-content\/uploads\/2024\/07\/WEDDING-86-200x300.jpg 200w, https:\/\/www.ivanfois.com\/fotografo-matrimoni-torino\/wp-content\/uploads\/2024\/07\/WEDDING-86-682x1024.jpg 682w, https:\/\/www.ivanfois.com\/fotografo-matrimoni-torino\/wp-content\/uploads\/2024\/07\/WEDDING-86-768x1152.jpg 768w, https:\/\/www.ivanfois.com\/fotografo-matrimoni-torino\/wp-content\/uploads\/2024\/07\/WEDDING-86-1024x1536.jpg 1024w\" sizes=\"(max-width: 1333px) 100vw, 1333px\" \/>\t\t<\/a>\n\t\t\t<\/div>\n<\/div>\n\t\t<div class=\"qodef-e-content\">\n\t\t\t\t\t\t\t<div class=\"qodef-e-info qodef-info--top\">\n\t\t\t\t\t<div itemprop=\"dateCreated\" class=\"qodef-e-info-item qodef-e-info-date entry-date \">\n\t<a itemprop=\"url\" href=\"https:\/\/www.ivanfois.com\/fotografo-matrimoni-torino\/2024\/10\/\">\n\t\t\t\tOttobre 26, 2024\t<\/a>\n<\/div>\n\t\t\t\t<\/div>\n\t\t\t\t\t\t<div class=\"qodef-e-text\">\n\t\t\t\t<h5 itemprop=\"name\" class=\"qodef-e-title entry-title\">\n\t<a itemprop=\"url\" class=\"qodef-e-title-link\" href=\"https:\/\/www.ivanfois.com\/fotografo-matrimoni-torino\/lara-remo\/\">\n\t\tLara &amp; Remo\t<\/a>\n<\/h5>\n\t\t\t<\/div>\n\t\t<\/div>\n\t<\/div>\n<\/article>\n<article class=\"qodef-e qodef-blog-item swiper-slide qodef-item--full post-319 post type-post status-publish format-standard has-post-thumbnail hentry category-uncategorized\">\n\t<div class=\"qodef-e-inner\">\n\t\t<div class=\"qodef-e-media\">\n\t\t<div class=\"qodef-e-media-image\">\n\t\t<a itemprop=\"url\" href=\"https:\/\/www.ivanfois.com\/fotografo-matrimoni-torino\/giulia-luca\/\">\n\t\t\t<img loading=\"lazy\" decoding=\"async\" width=\"1333\" height=\"2000\" src=\"https:\/\/www.ivanfois.com\/fotografo-matrimoni-torino\/wp-content\/uploads\/2024\/07\/MARESCA-467.jpg\" class=\"attachment-full size-full\" alt=\"\" srcset=\"https:\/\/www.ivanfois.com\/fotografo-matrimoni-torino\/wp-content\/uploads\/2024\/07\/MARESCA-467.jpg 1333w, https:\/\/www.ivanfois.com\/fotografo-matrimoni-torino\/wp-content\/uploads\/2024\/07\/MARESCA-467-200x300.jpg 200w, https:\/\/www.ivanfois.com\/fotografo-matrimoni-torino\/wp-content\/uploads\/2024\/07\/MARESCA-467-682x1024.jpg 682w, https:\/\/www.ivanfois.com\/fotografo-matrimoni-torino\/wp-content\/uploads\/2024\/07\/MARESCA-467-768x1152.jpg 768w, https:\/\/www.ivanfois.com\/fotografo-matrimoni-torino\/wp-content\/uploads\/2024\/07\/MARESCA-467-1024x1536.jpg 1024w, https:\/\/www.ivanfois.com\/fotografo-matrimoni-torino\/wp-content\/uploads\/2024\/07\/MARESCA-467-333x500.jpg 333w\" sizes=\"(max-width: 1333px) 100vw, 1333px\" \/>\t\t<\/a>\n\t\t\t<\/div>\n<\/div>\n\t\t<div class=\"qodef-e-content\">\n\t\t\t\t\t\t\t<div class=\"qodef-e-info qodef-info--top\">\n\t\t\t\t\t<div itemprop=\"dateCreated\" class=\"qodef-e-info-item qodef-e-info-date entry-date \">\n\t<a itemprop=\"url\" href=\"https:\/\/www.ivanfois.com\/fotografo-matrimoni-torino\/2024\/10\/\">\n\t\t\t\tOttobre 26, 2024\t<\/a>\n<\/div>\n\t\t\t\t<\/div>\n\t\t\t\t\t\t<div class=\"qodef-e-text\">\n\t\t\t\t<h5 itemprop=\"name\" class=\"qodef-e-title entry-title\">\n\t<a itemprop=\"url\" class=\"qodef-e-title-link\" href=\"https:\/\/www.ivanfois.com\/fotografo-matrimoni-torino\/giulia-luca\/\">\n\t\tGiulia &amp; Luca\t<\/a>\n<\/h5>\n\t\t\t<\/div>\n\t\t<\/div>\n\t<\/div>\n<\/article>\n<article class=\"qodef-e qodef-blog-item swiper-slide qodef-item--full post-106 post type-post status-publish format-standard has-post-thumbnail hentry category-uncategorized\">\n\t<div class=\"qodef-e-inner\">\n\t\t<div class=\"qodef-e-media\">\n\t\t<div class=\"qodef-e-media-image\">\n\t\t<a itemprop=\"url\" href=\"https:\/\/www.ivanfois.com\/fotografo-matrimoni-torino\/filippo-chiara\/\">\n\t\t\t<img loading=\"lazy\" decoding=\"async\" width=\"1333\" height=\"2000\" src=\"https:\/\/www.ivanfois.com\/fotografo-matrimoni-torino\/wp-content\/uploads\/2024\/07\/BALLA-391.jpg\" class=\"attachment-full size-full\" alt=\"\" srcset=\"https:\/\/www.ivanfois.com\/fotografo-matrimoni-torino\/wp-content\/uploads\/2024\/07\/BALLA-391.jpg 1333w, https:\/\/www.ivanfois.com\/fotografo-matrimoni-torino\/wp-content\/uploads\/2024\/07\/BALLA-391-200x300.jpg 200w, https:\/\/www.ivanfois.com\/fotografo-matrimoni-torino\/wp-content\/uploads\/2024\/07\/BALLA-391-682x1024.jpg 682w, https:\/\/www.ivanfois.com\/fotografo-matrimoni-torino\/wp-content\/uploads\/2024\/07\/BALLA-391-768x1152.jpg 768w, https:\/\/www.ivanfois.com\/fotografo-matrimoni-torino\/wp-content\/uploads\/2024\/07\/BALLA-391-1024x1536.jpg 1024w, https:\/\/www.ivanfois.com\/fotografo-matrimoni-torino\/wp-content\/uploads\/2024\/07\/BALLA-391-333x500.jpg 333w\" sizes=\"(max-width: 1333px) 100vw, 1333px\" \/>\t\t<\/a>\n\t\t\t<\/div>\n<\/div>\n\t\t<div class=\"qodef-e-content\">\n\t\t\t\t\t\t\t<div class=\"qodef-e-info qodef-info--top\">\n\t\t\t\t\t<div itemprop=\"dateCreated\" class=\"qodef-e-info-item qodef-e-info-date entry-date \">\n\t<a itemprop=\"url\" href=\"https:\/\/www.ivanfois.com\/fotografo-matrimoni-torino\/2024\/07\/\">\n\t\t\t\tLuglio 23, 2024\t<\/a>\n<\/div>\n\t\t\t\t<\/div>\n\t\t\t\t\t\t<div class=\"qodef-e-text\">\n\t\t\t\t<h5 itemprop=\"name\" class=\"qodef-e-title entry-title\">\n\t<a itemprop=\"url\" class=\"qodef-e-title-link\" href=\"https:\/\/www.ivanfois.com\/fotografo-matrimoni-torino\/filippo-chiara\/\">\n\t\tFilippo &amp; Chiara\t<\/a>\n<\/h5>\n\t\t\t<\/div>\n\t\t<\/div>\n\t<\/div>\n<\/article>\n<article class=\"qodef-e qodef-blog-item swiper-slide qodef-item--full post-104 post type-post status-publish format-standard has-post-thumbnail hentry category-uncategorized\">\n\t<div class=\"qodef-e-inner\">\n\t\t<div class=\"qodef-e-media\">\n\t\t<div class=\"qodef-e-media-image\">\n\t\t<a itemprop=\"url\" href=\"https:\/\/www.ivanfois.com\/fotografo-matrimoni-torino\/carmen-riccardo\/\">\n\t\t\t<img loading=\"lazy\" decoding=\"async\" width=\"1333\" height=\"2000\" src=\"https:\/\/www.ivanfois.com\/fotografo-matrimoni-torino\/wp-content\/uploads\/2024\/07\/TALARICO-620.jpg\" class=\"attachment-full size-full\" alt=\"\" srcset=\"https:\/\/www.ivanfois.com\/fotografo-matrimoni-torino\/wp-content\/uploads\/2024\/07\/TALARICO-620.jpg 1333w, https:\/\/www.ivanfois.com\/fotografo-matrimoni-torino\/wp-content\/uploads\/2024\/07\/TALARICO-620-200x300.jpg 200w, https:\/\/www.ivanfois.com\/fotografo-matrimoni-torino\/wp-content\/uploads\/2024\/07\/TALARICO-620-682x1024.jpg 682w, https:\/\/www.ivanfois.com\/fotografo-matrimoni-torino\/wp-content\/uploads\/2024\/07\/TALARICO-620-768x1152.jpg 768w, https:\/\/www.ivanfois.com\/fotografo-matrimoni-torino\/wp-content\/uploads\/2024\/07\/TALARICO-620-1024x1536.jpg 1024w, https:\/\/www.ivanfois.com\/fotografo-matrimoni-torino\/wp-content\/uploads\/2024\/07\/TALARICO-620-333x500.jpg 333w\" sizes=\"(max-width: 1333px) 100vw, 1333px\" \/>\t\t<\/a>\n\t\t\t<\/div>\n<\/div>\n\t\t<div class=\"qodef-e-content\">\n\t\t\t\t\t\t\t<div class=\"qodef-e-info qodef-info--top\">\n\t\t\t\t\t<div itemprop=\"dateCreated\" class=\"qodef-e-info-item qodef-e-info-date entry-date \">\n\t<a itemprop=\"url\" href=\"https:\/\/www.ivanfois.com\/fotografo-matrimoni-torino\/2024\/07\/\">\n\t\t\t\tLuglio 22, 2024\t<\/a>\n<\/div>\n\t\t\t\t<\/div>\n\t\t\t\t\t\t<div class=\"qodef-e-text\">\n\t\t\t\t<h5 itemprop=\"name\" class=\"qodef-e-title entry-title\">\n\t<a itemprop=\"url\" class=\"qodef-e-title-link\" href=\"https:\/\/www.ivanfois.com\/fotografo-matrimoni-torino\/carmen-riccardo\/\">\n\t\tCarmen &amp; Riccardo\t<\/a>\n<\/h5>\n\t\t\t<\/div>\n\t\t<\/div>\n\t<\/div>\n<\/article>\n\t<\/div>\n\t\t<div class=\"swiper-button-prev\"><svg class=\"qodef-swiper-arrow-left\" xmlns=\"http:\/\/www.w3.org\/2000\/svg\" x=\"0px\" y=\"0px\" viewBox=\"0 0 34.2 32.3\" xml:space=\"preserve\" style=\"stroke-width: 2;\"><line x1=\"0.5\" y1=\"16\" x2=\"33.5\" y2=\"16\"\/><line x1=\"0.3\" y1=\"16.5\" x2=\"16.2\" y2=\"0.7\"\/><line x1=\"0\" y1=\"15.4\" x2=\"16.2\" y2=\"31.6\"\/><\/svg><\/div>\n\t<div class=\"swiper-button-next\"><svg class=\"qodef-swiper-arrow-right\" xmlns=\"http:\/\/www.w3.org\/2000\/svg\" x=\"0px\" y=\"0px\" viewBox=\"0 0 34.2 32.3\" xml:space=\"preserve\" style=\"stroke-width: 2;\"><line x1=\"0\" y1=\"16\" x2=\"33\" y2=\"16\"\/><line x1=\"17.3\" y1=\"0.7\" x2=\"33.2\" y2=\"16.5\"\/><line x1=\"17.3\" y1=\"31.6\" x2=\"33.5\" y2=\"15.4\"\/><\/svg><\/div>\n<\/div>\n\t<div class=\"swiper-pagination qodef-swiper-pagination-outside swiper-pagination-1\"><\/div>\n\t\t<\/div>\n\t\t\t\t<\/div>\n\t\t\t\t<div class=\"elementor-element elementor-element-2d952f76 elementor-align-center elementor-mobile-align-center elementor-widget elementor-widget-button\" data-id=\"2d952f76\" data-element_type=\"widget\" data-widget_type=\"button.default\">\n\t\t\t\t<div class=\"elementor-widget-container\">\n\t\t\t\t\t<div class=\"elementor-button-wrapper\">\n\t\t\t<a class=\"elementor-button elementor-button-link elementor-size-lg\" href=\"https:\/\/lnx.ivanfois.com\/fotografo-matrimoni-torino\/storie\/\">\n\t\t\t\t\t\t<span class=\"elementor-button-content-wrapper\">\n\t\t\t\t\t\t\t\t\t<span class=\"elementor-button-text\">Vedi tutte le storie<\/span>\n\t\t\t\t\t<\/span>\n\t\t\t\t\t<\/a>\n\t\t<\/div>\n\t\t\t\t<\/div>\n\t\t\t\t<\/div>\n\t\t\t\t\t<\/div>\n\t\t\t\t<\/div>\n\t\t<div class=\"elementor-element elementor-element-1a500a9e e-con-full e-flex e-con e-parent\" data-id=\"1a500a9e\" data-element_type=\"container\" data-settings=\"{&quot;background_background&quot;:&quot;video&quot;,&quot;background_video_link&quot;:&quot;https:\\\/\\\/vimeo.com\\\/360993903&quot;,&quot;background_video_start&quot;:145,&quot;background_video_end&quot;:170,&quot;background_play_on_mobile&quot;:&quot;yes&quot;}\">\n\t\t<div class=\"elementor-background-video-container\">\n\t\t\t\t\t\t\t<div class=\"elementor-background-video-embed\"><\/div>\n\t\t\t\t\t\t<\/div>\t\t<div class=\"elementor-element elementor-element-15dc346a elementor-widget__width-initial elementor-widget-mobile__width-inherit elementor-widget elementor-widget-heading\" data-id=\"15dc346a\" data-element_type=\"widget\" data-widget_type=\"heading.default\">\n\t\t\t\t<div class=\"elementor-widget-container\">\n\t\t\t<h2 class=\"elementor-heading-title elementor-size-default\">L'amore \u00e8 ci\u00f2 che ci ha portato fin qui.<\/h2>\t\t<\/div>\n\t\t\t\t<\/div>\n\t\t\t\t<div class=\"elementor-element elementor-element-61300795 elementor-widget-divider--view-line elementor-widget elementor-widget-divider\" data-id=\"61300795\" data-element_type=\"widget\" data-widget_type=\"divider.default\">\n\t\t\t\t<div class=\"elementor-widget-container\">\n\t\t\t\t\t<div class=\"elementor-divider\">\n\t\t\t<span class=\"elementor-divider-separator\">\n\t\t\t\t\t\t<\/span>\n\t\t<\/div>\n\t\t\t\t<\/div>\n\t\t\t\t<\/div>\n\t\t\t\t<div class=\"elementor-element elementor-element-5d18aeb6 elementor-widget__width-initial elementor-widget elementor-widget-text-editor\" data-id=\"5d18aeb6\" data-element_type=\"widget\" data-widget_type=\"text-editor.default\">\n\t\t\t\t<div class=\"elementor-widget-container\">\n\t\t\t\t\t\t\t<p>Qui trovi alcune delle mie storie di matrimini, fatte di sorrisi rubati, di promesse sussurrate e attimi <br \/>che diventano unici.<\/p>\t\t\t\t\t\t<\/div>\n\t\t\t\t<\/div>\n\t\t\t\t<div class=\"elementor-element elementor-element-33dc7 elementor-widget elementor-widget-button\" data-id=\"33dc7\" data-element_type=\"widget\" data-widget_type=\"button.default\">\n\t\t\t\t<div class=\"elementor-widget-container\">\n\t\t\t\t\t<div class=\"elementor-button-wrapper\">\n\t\t\t<a class=\"elementor-button elementor-button-link elementor-size-lg\" href=\"https:\/\/www.ivanfois.com\/fotografo-matrimoni-torino\/portfolio\/\">\n\t\t\t\t\t\t<span class=\"elementor-button-content-wrapper\">\n\t\t\t\t\t\t\t\t\t<span class=\"elementor-button-text\">vai al portfolio<\/span>\n\t\t\t\t\t<\/span>\n\t\t\t\t\t<\/a>\n\t\t<\/div>\n\t\t\t\t<\/div>\n\t\t\t\t<\/div>\n\t\t\t\t<\/div>\n\t\t<div class=\"elementor-element elementor-element-1add462b e-flex e-con-boxed e-con e-parent\" data-id=\"1add462b\" data-element_type=\"container\">\n\t\t\t\t\t<div class=\"e-con-inner\">\n\t\t<div class=\"elementor-element elementor-element-1e856583 e-con-full e-flex e-con e-child\" data-id=\"1e856583\" data-element_type=\"container\">\n\t\t\t\t<div class=\"elementor-element elementor-element-364c9311 elementor-widget elementor-widget-heading\" data-id=\"364c9311\" data-element_type=\"widget\" data-widget_type=\"heading.default\">\n\t\t\t\t<div class=\"elementor-widget-container\">\n\t\t\t<h2 class=\"elementor-heading-title elementor-size-default\">Testimonianze<\/h2>\t\t<\/div>\n\t\t\t\t<\/div>\n\t\t\t\t<div class=\"elementor-element elementor-element-71f4a5f4 elementor-widget-divider--view-line elementor-widget elementor-widget-divider\" data-id=\"71f4a5f4\" data-element_type=\"widget\" data-widget_type=\"divider.default\">\n\t\t\t\t<div class=\"elementor-widget-container\">\n\t\t\t\t\t<div class=\"elementor-divider\">\n\t\t\t<span class=\"elementor-divider-separator\">\n\t\t\t\t\t\t<\/span>\n\t\t<\/div>\n\t\t\t\t<\/div>\n\t\t\t\t<\/div>\n\t\t\t\t<div class=\"elementor-element elementor-element-28781789 elementor-widget__width-initial elementor-widget-mobile__width-inherit elementor-widget elementor-widget-text-editor\" data-id=\"28781789\" data-element_type=\"widget\" data-widget_type=\"text-editor.default\">\n\t\t\t\t<div class=\"elementor-widget-container\">\n\t\t\t\t\t\t\t<p>La parola agli esposi<\/p>\t\t\t\t\t\t<\/div>\n\t\t\t\t<\/div>\n\t\t\t\t<\/div>\n\t\t<div class=\"elementor-element elementor-element-2f14343a e-con-full e-flex e-con e-child\" data-id=\"2f14343a\" data-element_type=\"container\">\n\t\t\t\t<div class=\"elementor-element elementor-element-1bffb5a9 elementor-widget elementor-widget-image\" data-id=\"1bffb5a9\" data-element_type=\"widget\" data-widget_type=\"image.default\">\n\t\t\t\t<div class=\"elementor-widget-container\">\n\t\t\t\t\t\t\t\t\t\t\t\t\t<img loading=\"lazy\" decoding=\"async\" width=\"1000\" height=\"667\" src=\"https:\/\/www.ivanfois.com\/fotografo-matrimoni-torino\/wp-content\/uploads\/2024\/07\/1959338-1.webp\" class=\"attachment-large size-large wp-image-58\" alt=\"\" srcset=\"https:\/\/www.ivanfois.com\/fotografo-matrimoni-torino\/wp-content\/uploads\/2024\/07\/1959338-1.webp 1000w, https:\/\/www.ivanfois.com\/fotografo-matrimoni-torino\/wp-content\/uploads\/2024\/07\/1959338-1-300x200.webp 300w, https:\/\/www.ivanfois.com\/fotografo-matrimoni-torino\/wp-content\/uploads\/2024\/07\/1959338-1-768x512.webp 768w, https:\/\/www.ivanfois.com\/fotografo-matrimoni-torino\/wp-content\/uploads\/2024\/07\/1959338-1-389x259.webp 389w\" sizes=\"(max-width: 1000px) 100vw, 1000px\" \/>\t\t\t\t\t\t\t\t\t\t\t\t\t<\/div>\n\t\t\t\t<\/div>\n\t\t\t\t<div class=\"elementor-element elementor-element-11d479d2 elementor-widget elementor-widget-text-editor\" data-id=\"11d479d2\" data-element_type=\"widget\" data-widget_type=\"text-editor.default\">\n\t\t\t\t<div class=\"elementor-widget-container\">\n\t\t\t\t\t\t\t<p>Abbiam scelto Ivan come fotografo per il nostro matrimonio e non potevamo fare scelta migliore! \u00c8 riuscito nella sua semplicit\u00e0 a farci sentire a nostro agio e a immortalare ogni attimo e ogni emozione di quel giorno! Super consigliato!<\/p>\t\t\t\t\t\t<\/div>\n\t\t\t\t<\/div>\n\t\t\t\t<\/div>\n\t\t<div class=\"elementor-element elementor-element-5b74577e e-con-full e-flex e-con e-child\" data-id=\"5b74577e\" data-element_type=\"container\">\n\t\t\t\t<div class=\"elementor-element elementor-element-48bd863e elementor-widget elementor-widget-image\" data-id=\"48bd863e\" data-element_type=\"widget\" data-widget_type=\"image.default\">\n\t\t\t\t<div class=\"elementor-widget-container\">\n\t\t\t\t\t\t\t\t\t\t\t\t\t<img loading=\"lazy\" decoding=\"async\" width=\"1000\" height=\"667\" src=\"https:\/\/www.ivanfois.com\/fotografo-matrimoni-torino\/wp-content\/uploads\/2024\/07\/1923646-1.webp\" class=\"attachment-large size-large wp-image-59\" alt=\"\" srcset=\"https:\/\/www.ivanfois.com\/fotografo-matrimoni-torino\/wp-content\/uploads\/2024\/07\/1923646-1.webp 1000w, https:\/\/www.ivanfois.com\/fotografo-matrimoni-torino\/wp-content\/uploads\/2024\/07\/1923646-1-300x200.webp 300w, https:\/\/www.ivanfois.com\/fotografo-matrimoni-torino\/wp-content\/uploads\/2024\/07\/1923646-1-768x512.webp 768w, https:\/\/www.ivanfois.com\/fotografo-matrimoni-torino\/wp-content\/uploads\/2024\/07\/1923646-1-389x259.webp 389w\" sizes=\"(max-width: 1000px) 100vw, 1000px\" \/>\t\t\t\t\t\t\t\t\t\t\t\t\t<\/div>\n\t\t\t\t<\/div>\n\t\t\t\t<div class=\"elementor-element elementor-element-de8a6c5 elementor-widget elementor-widget-text-editor\" data-id=\"de8a6c5\" data-element_type=\"widget\" data-widget_type=\"text-editor.default\">\n\t\t\t\t<div class=\"elementor-widget-container\">\n\t\t\t\t\t\t\t<p>Ivan Fois \u00e9 senza dubbio uno dei migliori fotografi di matrimoni Torino e dintorni e la sua professionalit\u00e0 mista a un grande senso artistico rendono i suoi lavori di un livello superiore alla media per qualit\u00e0 di produzione dalla scelta dei momenti, alla qualit\u00e0 dello scatto e alla produzione finale.\u00a0<\/p>\t\t\t\t\t\t<\/div>\n\t\t\t\t<\/div>\n\t\t\t\t<\/div>\n\t\t<div class=\"elementor-element elementor-element-4a5151aa e-con-full e-flex e-con e-child\" data-id=\"4a5151aa\" data-element_type=\"container\">\n\t\t\t\t<div class=\"elementor-element elementor-element-5997b46c elementor-widget elementor-widget-image\" data-id=\"5997b46c\" data-element_type=\"widget\" data-widget_type=\"image.default\">\n\t\t\t\t<div class=\"elementor-widget-container\">\n\t\t\t\t\t\t\t\t\t\t\t\t\t<img loading=\"lazy\" decoding=\"async\" width=\"1000\" height=\"667\" src=\"https:\/\/www.ivanfois.com\/fotografo-matrimoni-torino\/wp-content\/uploads\/2024\/07\/1527763-1.webp\" class=\"attachment-large size-large wp-image-60\" alt=\"\" srcset=\"https:\/\/www.ivanfois.com\/fotografo-matrimoni-torino\/wp-content\/uploads\/2024\/07\/1527763-1.webp 1000w, https:\/\/www.ivanfois.com\/fotografo-matrimoni-torino\/wp-content\/uploads\/2024\/07\/1527763-1-300x200.webp 300w, https:\/\/www.ivanfois.com\/fotografo-matrimoni-torino\/wp-content\/uploads\/2024\/07\/1527763-1-768x512.webp 768w, https:\/\/www.ivanfois.com\/fotografo-matrimoni-torino\/wp-content\/uploads\/2024\/07\/1527763-1-389x259.webp 389w\" sizes=\"(max-width: 1000px) 100vw, 1000px\" \/>\t\t\t\t\t\t\t\t\t\t\t\t\t<\/div>\n\t\t\t\t<\/div>\n\t\t\t\t<div class=\"elementor-element elementor-element-1842d686 elementor-widget elementor-widget-text-editor\" data-id=\"1842d686\" data-element_type=\"widget\" data-widget_type=\"text-editor.default\">\n\t\t\t\t<div class=\"elementor-widget-container\">\n\t\t\t\t\t\t\t<p>Cosa dire di Ivan Fois? Un fotografo di matrimoni incredibile, sia per la sua personalit\u00e0 che per l&#8217;abilit\u00e0 e l&#8217;impegno che mette nel suo lavoro. Lo abbiamo scelto dopo aver fatto una ricerca ampia e approfondita.\u00a0<\/p>\t\t\t\t\t\t<\/div>\n\t\t\t\t<\/div>\n\t\t\t\t<\/div>\n\t\t<div class=\"elementor-element elementor-element-7a7c4f2 e-con-full e-flex e-con e-child\" data-id=\"7a7c4f2\" data-element_type=\"container\">\n\t\t\t\t<div class=\"elementor-element elementor-element-0232bd9 elementor-align-center elementor-widget elementor-widget-button\" data-id=\"0232bd9\" data-element_type=\"widget\" data-widget_type=\"button.default\">\n\t\t\t\t<div class=\"elementor-widget-container\">\n\t\t\t\t\t<div class=\"elementor-button-wrapper\">\n\t\t\t<a class=\"elementor-button elementor-button-link elementor-size-sm\" href=\"https:\/\/www.ivanfois.com\/fotografo-matrimoni-torino\/contatti\/\">\n\t\t\t\t\t\t<span class=\"elementor-button-content-wrapper\">\n\t\t\t\t\t\t\t\t\t<span class=\"elementor-button-text\">Fissa un  appuntamento<\/span>\n\t\t\t\t\t<\/span>\n\t\t\t\t\t<\/a>\n\t\t<\/div>\n\t\t\t\t<\/div>\n\t\t\t\t<\/div>\n\t\t\t\t<\/div>\n\t\t\t\t\t<\/div>\n\t\t\t\t<\/div>\n\t\t<div class=\"elementor-element elementor-element-42f6eb2b e-flex e-con-boxed e-con e-parent\" data-id=\"42f6eb2b\" data-element_type=\"container\" data-settings=\"{&quot;background_background&quot;:&quot;classic&quot;}\">\n\t\t\t\t\t<div class=\"e-con-inner\">\n\t\t<div class=\"elementor-element elementor-element-5ce7e61b e-con-full e-flex e-con e-child\" data-id=\"5ce7e61b\" data-element_type=\"container\">\n\t\t\t\t<div class=\"elementor-element elementor-element-146cbcba elementor-widget elementor-widget-heading\" data-id=\"146cbcba\" data-element_type=\"widget\" data-widget_type=\"heading.default\">\n\t\t\t\t<div class=\"elementor-widget-container\">\n\t\t\t<h2 class=\"elementor-heading-title elementor-size-default\">Riconoscimenti<\/h2>\t\t<\/div>\n\t\t\t\t<\/div>\n\t\t\t\t<div class=\"elementor-element elementor-element-278843ca elementor-widget-divider--view-line elementor-widget elementor-widget-divider\" data-id=\"278843ca\" data-element_type=\"widget\" data-widget_type=\"divider.default\">\n\t\t\t\t<div class=\"elementor-widget-container\">\n\t\t\t\t\t<div class=\"elementor-divider\">\n\t\t\t<span class=\"elementor-divider-separator\">\n\t\t\t\t\t\t<\/span>\n\t\t<\/div>\n\t\t\t\t<\/div>\n\t\t\t\t<\/div>\n\t\t\t\t<div class=\"elementor-element elementor-element-4f7bd9c9 elementor-widget__width-initial elementor-widget-mobile__width-inherit elementor-widget elementor-widget-text-editor\" data-id=\"4f7bd9c9\" data-element_type=\"widget\" data-widget_type=\"text-editor.default\">\n\t\t\t\t<div class=\"elementor-widget-container\">\n\t\t\t\t\t\t\t<p>Da oltre 10 anni\u00a0 Il nostro studio \u00e8 stato premiato ripetutamente per miglior qualit\u00e0 dei suoi servizi, miglior fotografo di matrimoni migliore fornitore, migliore affidabilit\u00e0 e miglior rapporto qualit\u00e0\/prezzo.<br \/>Siamo orgogliosi della tantissime recensioni ricevute tutte a 5 stelle.<\/p>\t\t\t\t\t\t<\/div>\n\t\t\t\t<\/div>\n\t\t\t\t<div class=\"elementor-element elementor-element-4679ea90 elementor-arrows-position-outside elementor-pagination-position-outside elementor-widget elementor-widget-image-carousel\" data-id=\"4679ea90\" data-element_type=\"widget\" data-settings=\"{&quot;slides_to_show&quot;:&quot;4&quot;,&quot;slides_to_show_mobile&quot;:&quot;1&quot;,&quot;slides_to_scroll&quot;:&quot;1&quot;,&quot;image_spacing_custom&quot;:{&quot;unit&quot;:&quot;px&quot;,&quot;size&quot;:40,&quot;sizes&quot;:[]},&quot;navigation&quot;:&quot;both&quot;,&quot;autoplay&quot;:&quot;yes&quot;,&quot;pause_on_hover&quot;:&quot;yes&quot;,&quot;pause_on_interaction&quot;:&quot;yes&quot;,&quot;autoplay_speed&quot;:5000,&quot;infinite&quot;:&quot;yes&quot;,&quot;speed&quot;:500,&quot;image_spacing_custom_tablet&quot;:{&quot;unit&quot;:&quot;px&quot;,&quot;size&quot;:&quot;&quot;,&quot;sizes&quot;:[]}}\" data-widget_type=\"image-carousel.default\">\n\t\t\t\t<div class=\"elementor-widget-container\">\n\t\t\t\t\t<div class=\"elementor-image-carousel-wrapper swiper\" dir=\"ltr\">\n\t\t\t<div class=\"elementor-image-carousel swiper-wrapper\" aria-live=\"off\">\n\t\t\t\t\t\t\t\t<div class=\"swiper-slide\" role=\"group\" aria-roledescription=\"slide\" aria-label=\"1 di 10\"><a data-elementor-open-lightbox=\"yes\" data-elementor-lightbox-slideshow=\"4679ea90\" data-elementor-lightbox-title=\"Wedding-Awards-2025\" data-e-action-hash=\"#elementor-action%3Aaction%3Dlightbox%26settings%3DeyJpZCI6NzI2LCJ1cmwiOiJodHRwczpcL1wvd3d3Lml2YW5mb2lzLmNvbVwvZm90b2dyYWZvLW1hdHJpbW9uaS10b3Jpbm9cL3dwLWNvbnRlbnRcL3VwbG9hZHNcLzIwMjVcLzAzXC9XZWRkaW5nLUF3YXJkcy0yMDI1LmpwZyIsInNsaWRlc2hvdyI6IjQ2NzllYTkwIn0%3D\" href=\"https:\/\/www.ivanfois.com\/fotografo-matrimoni-torino\/wp-content\/uploads\/2025\/03\/Wedding-Awards-2025.jpg\"><figure class=\"swiper-slide-inner\"><img decoding=\"async\" class=\"swiper-slide-image\" src=\"https:\/\/www.ivanfois.com\/fotografo-matrimoni-torino\/wp-content\/uploads\/2025\/03\/Wedding-Awards-2025-300x232.jpg\" alt=\"Wedding-Awards-2025\" \/><\/figure><\/a><\/div><div class=\"swiper-slide\" role=\"group\" aria-roledescription=\"slide\" aria-label=\"2 di 10\"><a data-elementor-open-lightbox=\"yes\" data-elementor-lightbox-slideshow=\"4679ea90\" data-elementor-lightbox-title=\"resource-portrait-it.jpg\" data-e-action-hash=\"#elementor-action%3Aaction%3Dlightbox%26settings%3DeyJpZCI6NDYsInVybCI6Imh0dHBzOlwvXC93d3cuaXZhbmZvaXMuY29tXC9mb3RvZ3JhZm8tbWF0cmltb25pLXRvcmlub1wvd3AtY29udGVudFwvdXBsb2Fkc1wvMjAyNFwvMDdcL3Jlc291cmNlLXBvcnRyYWl0LWl0LmpwZyIsInNsaWRlc2hvdyI6IjQ2NzllYTkwIn0%3D\" href=\"https:\/\/www.ivanfois.com\/fotografo-matrimoni-torino\/wp-content\/uploads\/2024\/07\/resource-portrait-it.jpg\"><figure class=\"swiper-slide-inner\"><img decoding=\"async\" class=\"swiper-slide-image\" src=\"https:\/\/www.ivanfois.com\/fotografo-matrimoni-torino\/wp-content\/uploads\/2024\/07\/resource-portrait-it-169x300.jpg\" alt=\"resource-portrait-it.jpg\" \/><\/figure><\/a><\/div><div class=\"swiper-slide\" role=\"group\" aria-roledescription=\"slide\" aria-label=\"3 di 10\"><a data-elementor-open-lightbox=\"yes\" data-elementor-lightbox-slideshow=\"4679ea90\" data-elementor-lightbox-title=\"Wedding_Awards_2021.jpg\" data-e-action-hash=\"#elementor-action%3Aaction%3Dlightbox%26settings%3DeyJpZCI6NDcsInVybCI6Imh0dHBzOlwvXC93d3cuaXZhbmZvaXMuY29tXC9mb3RvZ3JhZm8tbWF0cmltb25pLXRvcmlub1wvd3AtY29udGVudFwvdXBsb2Fkc1wvMjAyNFwvMDdcL1dlZGRpbmdfQXdhcmRzXzIwMjEuanBnIiwic2xpZGVzaG93IjoiNDY3OWVhOTAifQ%3D%3D\" href=\"https:\/\/www.ivanfois.com\/fotografo-matrimoni-torino\/wp-content\/uploads\/2024\/07\/Wedding_Awards_2021.jpg\"><figure class=\"swiper-slide-inner\"><img decoding=\"async\" class=\"swiper-slide-image\" src=\"https:\/\/www.ivanfois.com\/fotografo-matrimoni-torino\/wp-content\/uploads\/2024\/07\/Wedding_Awards_2021-300x232.jpg\" alt=\"Wedding_Awards_2021.jpg\" \/><\/figure><\/a><\/div><div class=\"swiper-slide\" role=\"group\" aria-roledescription=\"slide\" aria-label=\"4 di 10\"><a data-elementor-open-lightbox=\"yes\" data-elementor-lightbox-slideshow=\"4679ea90\" data-elementor-lightbox-title=\"Wedding_Awards_2020-1.jpg\" data-e-action-hash=\"#elementor-action%3Aaction%3Dlightbox%26settings%3DeyJpZCI6NDgsInVybCI6Imh0dHBzOlwvXC93d3cuaXZhbmZvaXMuY29tXC9mb3RvZ3JhZm8tbWF0cmltb25pLXRvcmlub1wvd3AtY29udGVudFwvdXBsb2Fkc1wvMjAyNFwvMDdcL1dlZGRpbmdfQXdhcmRzXzIwMjAtMS5qcGciLCJzbGlkZXNob3ciOiI0Njc5ZWE5MCJ9\" href=\"https:\/\/www.ivanfois.com\/fotografo-matrimoni-torino\/wp-content\/uploads\/2024\/07\/Wedding_Awards_2020-1.jpg\"><figure class=\"swiper-slide-inner\"><img decoding=\"async\" class=\"swiper-slide-image\" src=\"https:\/\/www.ivanfois.com\/fotografo-matrimoni-torino\/wp-content\/uploads\/2024\/07\/Wedding_Awards_2020-1-300x232.jpg\" alt=\"Wedding_Awards_2020-1.jpg\" \/><\/figure><\/a><\/div><div class=\"swiper-slide\" role=\"group\" aria-roledescription=\"slide\" aria-label=\"5 di 10\"><a data-elementor-open-lightbox=\"yes\" data-elementor-lightbox-slideshow=\"4679ea90\" data-elementor-lightbox-title=\"Wedding_Awards_2019.jpg\" data-e-action-hash=\"#elementor-action%3Aaction%3Dlightbox%26settings%3DeyJpZCI6NDksInVybCI6Imh0dHBzOlwvXC93d3cuaXZhbmZvaXMuY29tXC9mb3RvZ3JhZm8tbWF0cmltb25pLXRvcmlub1wvd3AtY29udGVudFwvdXBsb2Fkc1wvMjAyNFwvMDdcL1dlZGRpbmdfQXdhcmRzXzIwMTkuanBnIiwic2xpZGVzaG93IjoiNDY3OWVhOTAifQ%3D%3D\" href=\"https:\/\/www.ivanfois.com\/fotografo-matrimoni-torino\/wp-content\/uploads\/2024\/07\/Wedding_Awards_2019.jpg\"><figure class=\"swiper-slide-inner\"><img decoding=\"async\" class=\"swiper-slide-image\" src=\"https:\/\/www.ivanfois.com\/fotografo-matrimoni-torino\/wp-content\/uploads\/2024\/07\/Wedding_Awards_2019-300x232.jpg\" alt=\"Wedding_Awards_2019.jpg\" \/><\/figure><\/a><\/div><div class=\"swiper-slide\" role=\"group\" aria-roledescription=\"slide\" aria-label=\"6 di 10\"><a data-elementor-open-lightbox=\"yes\" data-elementor-lightbox-slideshow=\"4679ea90\" data-elementor-lightbox-title=\"Wedding_Awards_2018.jpg\" data-e-action-hash=\"#elementor-action%3Aaction%3Dlightbox%26settings%3DeyJpZCI6NTAsInVybCI6Imh0dHBzOlwvXC93d3cuaXZhbmZvaXMuY29tXC9mb3RvZ3JhZm8tbWF0cmltb25pLXRvcmlub1wvd3AtY29udGVudFwvdXBsb2Fkc1wvMjAyNFwvMDdcL1dlZGRpbmdfQXdhcmRzXzIwMTguanBnIiwic2xpZGVzaG93IjoiNDY3OWVhOTAifQ%3D%3D\" href=\"https:\/\/www.ivanfois.com\/fotografo-matrimoni-torino\/wp-content\/uploads\/2024\/07\/Wedding_Awards_2018.jpg\"><figure class=\"swiper-slide-inner\"><img decoding=\"async\" class=\"swiper-slide-image\" src=\"https:\/\/www.ivanfois.com\/fotografo-matrimoni-torino\/wp-content\/uploads\/2024\/07\/Wedding_Awards_2018-300x232.jpg\" alt=\"Wedding_Awards_2018.jpg\" \/><\/figure><\/a><\/div><div class=\"swiper-slide\" role=\"group\" aria-roledescription=\"slide\" aria-label=\"7 di 10\"><a data-elementor-open-lightbox=\"yes\" data-elementor-lightbox-slideshow=\"4679ea90\" data-elementor-lightbox-title=\"Wedding_Awards_2017.jpg\" data-e-action-hash=\"#elementor-action%3Aaction%3Dlightbox%26settings%3DeyJpZCI6NTEsInVybCI6Imh0dHBzOlwvXC93d3cuaXZhbmZvaXMuY29tXC9mb3RvZ3JhZm8tbWF0cmltb25pLXRvcmlub1wvd3AtY29udGVudFwvdXBsb2Fkc1wvMjAyNFwvMDdcL1dlZGRpbmdfQXdhcmRzXzIwMTcuanBnIiwic2xpZGVzaG93IjoiNDY3OWVhOTAifQ%3D%3D\" href=\"https:\/\/www.ivanfois.com\/fotografo-matrimoni-torino\/wp-content\/uploads\/2024\/07\/Wedding_Awards_2017.jpg\"><figure class=\"swiper-slide-inner\"><img decoding=\"async\" class=\"swiper-slide-image\" src=\"https:\/\/www.ivanfois.com\/fotografo-matrimoni-torino\/wp-content\/uploads\/2024\/07\/Wedding_Awards_2017-300x232.jpg\" alt=\"Wedding_Awards_2017.jpg\" \/><\/figure><\/a><\/div><div class=\"swiper-slide\" role=\"group\" aria-roledescription=\"slide\" aria-label=\"8 di 10\"><a data-elementor-open-lightbox=\"yes\" data-elementor-lightbox-slideshow=\"4679ea90\" data-elementor-lightbox-title=\"Wedding_Awards_2016.jpg\" data-e-action-hash=\"#elementor-action%3Aaction%3Dlightbox%26settings%3DeyJpZCI6NTIsInVybCI6Imh0dHBzOlwvXC93d3cuaXZhbmZvaXMuY29tXC9mb3RvZ3JhZm8tbWF0cmltb25pLXRvcmlub1wvd3AtY29udGVudFwvdXBsb2Fkc1wvMjAyNFwvMDdcL1dlZGRpbmdfQXdhcmRzXzIwMTYuanBnIiwic2xpZGVzaG93IjoiNDY3OWVhOTAifQ%3D%3D\" href=\"https:\/\/www.ivanfois.com\/fotografo-matrimoni-torino\/wp-content\/uploads\/2024\/07\/Wedding_Awards_2016.jpg\"><figure class=\"swiper-slide-inner\"><img decoding=\"async\" class=\"swiper-slide-image\" src=\"https:\/\/www.ivanfois.com\/fotografo-matrimoni-torino\/wp-content\/uploads\/2024\/07\/Wedding_Awards_2016-300x232.jpg\" alt=\"Wedding_Awards_2016.jpg\" \/><\/figure><\/a><\/div><div class=\"swiper-slide\" role=\"group\" aria-roledescription=\"slide\" aria-label=\"9 di 10\"><a data-elementor-open-lightbox=\"yes\" data-elementor-lightbox-slideshow=\"4679ea90\" data-elementor-lightbox-title=\"Wedding_Awards_2015-1-1.jpg\" data-e-action-hash=\"#elementor-action%3Aaction%3Dlightbox%26settings%3DeyJpZCI6NTMsInVybCI6Imh0dHBzOlwvXC93d3cuaXZhbmZvaXMuY29tXC9mb3RvZ3JhZm8tbWF0cmltb25pLXRvcmlub1wvd3AtY29udGVudFwvdXBsb2Fkc1wvMjAyNFwvMDdcL1dlZGRpbmdfQXdhcmRzXzIwMTUtMS0xLmpwZyIsInNsaWRlc2hvdyI6IjQ2NzllYTkwIn0%3D\" href=\"https:\/\/www.ivanfois.com\/fotografo-matrimoni-torino\/wp-content\/uploads\/2024\/07\/Wedding_Awards_2015-1-1.jpg\"><figure class=\"swiper-slide-inner\"><img decoding=\"async\" class=\"swiper-slide-image\" src=\"https:\/\/www.ivanfois.com\/fotografo-matrimoni-torino\/wp-content\/uploads\/2024\/07\/Wedding_Awards_2015-1-1-300x232.jpg\" alt=\"Wedding_Awards_2015-1-1.jpg\" \/><\/figure><\/a><\/div><div class=\"swiper-slide\" role=\"group\" aria-roledescription=\"slide\" aria-label=\"10 di 10\"><a data-elementor-open-lightbox=\"yes\" data-elementor-lightbox-slideshow=\"4679ea90\" data-elementor-lightbox-title=\"Wedding_Awards_2014-1.jpg\" data-e-action-hash=\"#elementor-action%3Aaction%3Dlightbox%26settings%3DeyJpZCI6NTQsInVybCI6Imh0dHBzOlwvXC93d3cuaXZhbmZvaXMuY29tXC9mb3RvZ3JhZm8tbWF0cmltb25pLXRvcmlub1wvd3AtY29udGVudFwvdXBsb2Fkc1wvMjAyNFwvMDdcL1dlZGRpbmdfQXdhcmRzXzIwMTQtMS5qcGciLCJzbGlkZXNob3ciOiI0Njc5ZWE5MCJ9\" href=\"https:\/\/www.ivanfois.com\/fotografo-matrimoni-torino\/wp-content\/uploads\/2024\/07\/Wedding_Awards_2014-1.jpg\"><figure class=\"swiper-slide-inner\"><img decoding=\"async\" class=\"swiper-slide-image\" src=\"https:\/\/www.ivanfois.com\/fotografo-matrimoni-torino\/wp-content\/uploads\/2024\/07\/Wedding_Awards_2014-1-300x232.jpg\" alt=\"Wedding_Awards_2014-1.jpg\" \/><\/figure><\/a><\/div>\t\t\t<\/div>\n\t\t\t\t\t\t\t\t\t\t\t\t<div class=\"elementor-swiper-button elementor-swiper-button-prev\" role=\"button\" tabindex=\"0\">\n\t\t\t\t\t\t<svg aria-hidden=\"true\" class=\"e-font-icon-svg e-eicon-chevron-left\" viewBox=\"0 0 1000 1000\" xmlns=\"http:\/\/www.w3.org\/2000\/svg\"><path d=\"M646 125C629 125 613 133 604 142L308 442C296 454 292 471 292 487 292 504 296 521 308 533L604 854C617 867 629 875 646 875 663 875 679 871 692 858 704 846 713 829 713 812 713 796 708 779 692 767L438 487 692 225C700 217 708 204 708 187 708 171 704 154 692 142 675 129 663 125 646 125Z\"><\/path><\/svg>\t\t\t\t\t<\/div>\n\t\t\t\t\t<div class=\"elementor-swiper-button elementor-swiper-button-next\" role=\"button\" tabindex=\"0\">\n\t\t\t\t\t\t<svg aria-hidden=\"true\" class=\"e-font-icon-svg e-eicon-chevron-right\" viewBox=\"0 0 1000 1000\" xmlns=\"http:\/\/www.w3.org\/2000\/svg\"><path d=\"M696 533C708 521 713 504 713 487 713 471 708 454 696 446L400 146C388 133 375 125 354 125 338 125 325 129 313 142 300 154 292 171 292 187 292 204 296 221 308 233L563 492 304 771C292 783 288 800 288 817 288 833 296 850 308 863 321 871 338 875 354 875 371 875 388 867 400 854L696 533Z\"><\/path><\/svg>\t\t\t\t\t<\/div>\n\t\t\t\t\n\t\t\t\t\t\t\t\t\t<div class=\"swiper-pagination\"><\/div>\n\t\t\t\t\t\t\t\t\t<\/div>\n\t\t\t\t<\/div>\n\t\t\t\t<\/div>\n\t\t\t\t<\/div>\n\t\t\t\t\t<\/div>\n\t\t\t\t<\/div>\n\t\t<div class=\"elementor-element elementor-element-3f75924e e-flex e-con-boxed e-con e-parent\" data-id=\"3f75924e\" data-element_type=\"container\" data-settings=\"{&quot;background_background&quot;:&quot;classic&quot;}\">\n\t\t\t\t\t<div class=\"e-con-inner\">\n\t\t<div class=\"elementor-element elementor-element-7d7057ec e-con-full e-flex e-con e-child\" data-id=\"7d7057ec\" data-element_type=\"container\" data-settings=\"{&quot;background_background&quot;:&quot;classic&quot;}\">\n\t\t\t\t<div class=\"elementor-element elementor-element-5e9d113 elementor-widget elementor-widget-image\" data-id=\"5e9d113\" data-element_type=\"widget\" data-widget_type=\"image.default\">\n\t\t\t\t<div class=\"elementor-widget-container\">\n\t\t\t\t\t\t\t\t\t\t\t\t\t<img loading=\"lazy\" decoding=\"async\" width=\"1920\" height=\"1280\" src=\"https:\/\/www.ivanfois.com\/fotografo-matrimoni-torino\/wp-content\/uploads\/2024\/07\/WEDDING-165.jpeg\" class=\"attachment-full size-full wp-image-55\" alt=\"\" srcset=\"https:\/\/www.ivanfois.com\/fotografo-matrimoni-torino\/wp-content\/uploads\/2024\/07\/WEDDING-165.jpeg 1920w, https:\/\/www.ivanfois.com\/fotografo-matrimoni-torino\/wp-content\/uploads\/2024\/07\/WEDDING-165-300x200.jpeg 300w, https:\/\/www.ivanfois.com\/fotografo-matrimoni-torino\/wp-content\/uploads\/2024\/07\/WEDDING-165-1024x683.jpeg 1024w, https:\/\/www.ivanfois.com\/fotografo-matrimoni-torino\/wp-content\/uploads\/2024\/07\/WEDDING-165-768x512.jpeg 768w, https:\/\/www.ivanfois.com\/fotografo-matrimoni-torino\/wp-content\/uploads\/2024\/07\/WEDDING-165-1536x1024.jpeg 1536w, https:\/\/www.ivanfois.com\/fotografo-matrimoni-torino\/wp-content\/uploads\/2024\/07\/WEDDING-165-389x259.jpeg 389w\" sizes=\"(max-width: 1920px) 100vw, 1920px\" \/>\t\t\t\t\t\t\t\t\t\t\t\t\t<\/div>\n\t\t\t\t<\/div>\n\t\t\t\t<\/div>\n\t\t<div class=\"elementor-element elementor-element-629e81e3 e-con-full e-flex e-con e-child\" data-id=\"629e81e3\" data-element_type=\"container\" data-settings=\"{&quot;background_background&quot;:&quot;classic&quot;}\">\n\t\t\t\t<div class=\"elementor-element elementor-element-7950edb3 elementor-widget__width-initial elementor-widget elementor-widget-heading\" data-id=\"7950edb3\" data-element_type=\"widget\" data-widget_type=\"heading.default\">\n\t\t\t\t<div class=\"elementor-widget-container\">\n\t\t\t<h2 class=\"elementor-heading-title elementor-size-default\">Mettiti in contatto!<\/h2>\t\t<\/div>\n\t\t\t\t<\/div>\n\t\t\t\t<div class=\"elementor-element elementor-element-29bd3d67 elementor-widget elementor-widget-text-editor\" data-id=\"29bd3d67\" data-element_type=\"widget\" data-widget_type=\"text-editor.default\">\n\t\t\t\t<div class=\"elementor-widget-container\">\n\t\t\t\t\t\t\t<p>Se stai cercando un Fotografo di Matrimoni, e se quello che hai visto ti piace, parliamone. Scrivimi o chiamami, aspetto tue notizie!<\/p>\t\t\t\t\t\t<\/div>\n\t\t\t\t<\/div>\n\t\t\t\t<div class=\"elementor-element elementor-element-5d5a20f9 elementor-widget elementor-widget-button\" data-id=\"5d5a20f9\" data-element_type=\"widget\" data-widget_type=\"button.default\">\n\t\t\t\t<div class=\"elementor-widget-container\">\n\t\t\t\t\t<div class=\"elementor-button-wrapper\">\n\t\t\t<a class=\"elementor-button elementor-button-link elementor-size-lg\" href=\"https:\/\/www.ivanfois.com\/fotografo-matrimoni-torino\/contatti\/\">\n\t\t\t\t\t\t<span class=\"elementor-button-content-wrapper\">\n\t\t\t\t\t\t\t\t\t<span class=\"elementor-button-text\">Contattami<\/span>\n\t\t\t\t\t<\/span>\n\t\t\t\t\t<\/a>\n\t\t<\/div>\n\t\t\t\t<\/div>\n\t\t\t\t<\/div>\n\t\t\t\t<\/div>\n\t\t\t\t\t<\/div>\n\t\t\t\t<\/div>\n\t\t<div class=\"elementor-element elementor-element-1d29fb3 e-flex e-con-boxed e-con e-parent\" data-id=\"1d29fb3\" data-element_type=\"container\">\n\t\t\t\t\t<div class=\"e-con-inner\">\n\t\t\t\t<div class=\"elementor-element elementor-element-9b4f5e0 elementor-widget elementor-widget-html\" data-id=\"9b4f5e0\" data-element_type=\"widget\" data-widget_type=\"html.default\">\n\t\t\t\t<div class=\"elementor-widget-container\">\n\t\t\t<style>\n    .stck{\n        position: sticky;\n        top: 100px;\n    }\n<\/style>\t\t<\/div>\n\t\t\t\t<\/div>\n\t\t\t\t\t<\/div>\n\t\t\t\t<\/div>\n\t\t<div class=\"elementor-element elementor-element-8ca2515 e-flex e-con-boxed e-con e-parent\" data-id=\"8ca2515\" data-element_type=\"container\" data-settings=\"{&quot;background_background&quot;:&quot;classic&quot;}\">\n\t\t\t\t\t<div class=\"e-con-inner\">\n\t\t\t\t<div class=\"elementor-element elementor-element-a588f71 elementor-widget elementor-widget-heading\" data-id=\"a588f71\" data-element_type=\"widget\" data-widget_type=\"heading.default\">\n\t\t\t\t<div class=\"elementor-widget-container\">\n\t\t\t<h2 class=\"elementor-heading-title elementor-size-default\">Ivan Fois Wedding - Fotografo di Matrimoni a Torino<\/h2>\t\t<\/div>\n\t\t\t\t<\/div>\n\t\t\t\t\t<\/div>\n\t\t\t\t<\/div>\n\t\t\t\t<\/div>\n\t\t","protected":false},"excerpt":{"rendered":"<p>Ivan Fois Wedding Fotografo di Matrimoni a Torino &#8220;L&#8217;amore \u00e8 il mio linguaggio, la fotografia il mio strumento&#8221; Mi ispiro alle persone, alle loro storie. &hellip;<\/p>\n","protected":false},"author":1,"featured_media":88,"parent":0,"menu_order":0,"comment_status":"open","ping_status":"closed","template":"elementor_header_footer","meta":{"footnotes":""},"class_list":["post-37","page","type-page","status-publish","has-post-thumbnail","hentry"],"yoast_head":"<!-- This site is optimized with the Yoast SEO plugin v23.9 - https:\/\/yoast.com\/wordpress\/plugins\/seo\/ -->\n<title>Ivan Fois Wedding | Fotografo di Matrimoni a Torino<\/title>\n<meta name=\"description\" content=\"Fotografo di matrimoni a Torino: cattura ogni istante del tuo grande giorno con scatti autentici e ricchi di emozioni.\" \/>\n<meta name=\"robots\" content=\"index, follow, max-snippet:-1, max-image-preview:large, max-video-preview:-1\" \/>\n<link rel=\"canonical\" href=\"https:\/\/www.ivanfois.com\/fotografo-matrimoni-torino\/\" \/>\n<meta property=\"og:locale\" content=\"it_IT\" \/>\n<meta property=\"og:type\" content=\"article\" \/>\n<meta property=\"og:title\" content=\"Ivan Fois Wedding | Fotografo di Matrimoni a Torino\" \/>\n<meta property=\"og:description\" content=\"Fotografo di matrimoni a Torino: cattura ogni istante del tuo grande giorno con scatti autentici e ricchi di emozioni.\" \/>\n<meta property=\"og:url\" content=\"https:\/\/www.ivanfois.com\/fotografo-matrimoni-torino\/\" \/>\n<meta property=\"og:site_name\" content=\"Ivan Fois Wedding\" \/>\n<meta property=\"article:publisher\" content=\"https:\/\/www.facebook.com\/ivanfois.weddingphotographer\" \/>\n<meta property=\"article:modified_time\" content=\"2025-03-02T10:34:35+00:00\" \/>\n<meta property=\"og:image\" content=\"https:\/\/www.ivanfois.com\/fotografo-matrimoni-torino\/wp-content\/uploads\/2024\/07\/WEDDING-01-c8f1d72f.jpg\" \/>\n\t<meta property=\"og:image:width\" content=\"1920\" \/>\n\t<meta property=\"og:image:height\" content=\"1280\" \/>\n\t<meta property=\"og:image:type\" content=\"image\/jpeg\" \/>\n<meta name=\"twitter:card\" content=\"summary_large_image\" \/>\n<meta name=\"twitter:label1\" content=\"Tempo di lettura stimato\" \/>\n\t<meta name=\"twitter:data1\" content=\"12 minuti\" \/>\n<script type=\"application\/ld+json\" class=\"yoast-schema-graph\">{\"@context\":\"https:\/\/schema.org\",\"@graph\":[{\"@type\":\"WebPage\",\"@id\":\"https:\/\/www.ivanfois.com\/fotografo-matrimoni-torino\/\",\"url\":\"https:\/\/www.ivanfois.com\/fotografo-matrimoni-torino\/\",\"name\":\"Ivan Fois Wedding | Fotografo di Matrimoni a Torino\",\"isPartOf\":{\"@id\":\"https:\/\/www.ivanfois.com\/fotografo-matrimoni-torino\/#website\"},\"primaryImageOfPage\":{\"@id\":\"https:\/\/www.ivanfois.com\/fotografo-matrimoni-torino\/#primaryimage\"},\"image\":{\"@id\":\"https:\/\/www.ivanfois.com\/fotografo-matrimoni-torino\/#primaryimage\"},\"thumbnailUrl\":\"https:\/\/www.ivanfois.com\/fotografo-matrimoni-torino\/wp-content\/uploads\/2024\/07\/WEDDING-01-c8f1d72f.jpg\",\"datePublished\":\"2024-07-22T12:17:27+00:00\",\"dateModified\":\"2025-03-02T10:34:35+00:00\",\"description\":\"Fotografo di matrimoni a Torino: cattura ogni istante del tuo grande giorno con scatti autentici e ricchi di emozioni.\",\"breadcrumb\":{\"@id\":\"https:\/\/www.ivanfois.com\/fotografo-matrimoni-torino\/#breadcrumb\"},\"inLanguage\":\"it-IT\",\"potentialAction\":[{\"@type\":\"ReadAction\",\"target\":[\"https:\/\/www.ivanfois.com\/fotografo-matrimoni-torino\/\"]}]},{\"@type\":\"ImageObject\",\"inLanguage\":\"it-IT\",\"@id\":\"https:\/\/www.ivanfois.com\/fotografo-matrimoni-torino\/#primaryimage\",\"url\":\"https:\/\/www.ivanfois.com\/fotografo-matrimoni-torino\/wp-content\/uploads\/2024\/07\/WEDDING-01-c8f1d72f.jpg\",\"contentUrl\":\"https:\/\/www.ivanfois.com\/fotografo-matrimoni-torino\/wp-content\/uploads\/2024\/07\/WEDDING-01-c8f1d72f.jpg\",\"width\":1920,\"height\":1280},{\"@type\":\"BreadcrumbList\",\"@id\":\"https:\/\/www.ivanfois.com\/fotografo-matrimoni-torino\/#breadcrumb\",\"itemListElement\":[{\"@type\":\"ListItem\",\"position\":1,\"name\":\"Home\",\"item\":\"https:\/\/www.ivanfois.com\/fotografo-matrimoni-torino\/\"},{\"@type\":\"ListItem\",\"position\":2,\"name\":\"Home\"}]},{\"@type\":\"WebSite\",\"@id\":\"https:\/\/www.ivanfois.com\/fotografo-matrimoni-torino\/#website\",\"url\":\"https:\/\/www.ivanfois.com\/fotografo-matrimoni-torino\/\",\"name\":\"Ivan Fois Wedding\",\"description\":\"Fotografia di Matrimoni a Torino\",\"publisher\":{\"@id\":\"https:\/\/www.ivanfois.com\/fotografo-matrimoni-torino\/#organization\"},\"potentialAction\":[{\"@type\":\"SearchAction\",\"target\":{\"@type\":\"EntryPoint\",\"urlTemplate\":\"https:\/\/www.ivanfois.com\/fotografo-matrimoni-torino\/?s={search_term_string}\"},\"query-input\":{\"@type\":\"PropertyValueSpecification\",\"valueRequired\":true,\"valueName\":\"search_term_string\"}}],\"inLanguage\":\"it-IT\"},{\"@type\":\"Organization\",\"@id\":\"https:\/\/www.ivanfois.com\/fotografo-matrimoni-torino\/#organization\",\"name\":\"Ivan Fois Wedding\",\"url\":\"https:\/\/www.ivanfois.com\/fotografo-matrimoni-torino\/\",\"logo\":{\"@type\":\"ImageObject\",\"inLanguage\":\"it-IT\",\"@id\":\"https:\/\/www.ivanfois.com\/fotografo-matrimoni-torino\/#\/schema\/logo\/image\/\",\"url\":\"https:\/\/www.ivanfois.com\/fotografo-matrimoni-torino\/wp-content\/uploads\/2024\/07\/cropped-Logo-280w.webp\",\"contentUrl\":\"https:\/\/www.ivanfois.com\/fotografo-matrimoni-torino\/wp-content\/uploads\/2024\/07\/cropped-Logo-280w.webp\",\"width\":280,\"height\":132,\"caption\":\"Ivan Fois Wedding\"},\"image\":{\"@id\":\"https:\/\/www.ivanfois.com\/fotografo-matrimoni-torino\/#\/schema\/logo\/image\/\"},\"sameAs\":[\"https:\/\/www.facebook.com\/ivanfois.weddingphotographer\",\"https:\/\/www.instagram.com\/ivanfois_weddingphotographer\"]}]}<\/script>\n<!-- \/ Yoast SEO plugin. -->","yoast_head_json":{"title":"Ivan Fois Wedding | Fotografo di Matrimoni a Torino","description":"Fotografo di matrimoni a Torino: cattura ogni istante del tuo grande giorno con scatti autentici e ricchi di emozioni.","robots":{"index":"index","follow":"follow","max-snippet":"max-snippet:-1","max-image-preview":"max-image-preview:large","max-video-preview":"max-video-preview:-1"},"canonical":"https:\/\/www.ivanfois.com\/fotografo-matrimoni-torino\/","og_locale":"it_IT","og_type":"article","og_title":"Ivan Fois Wedding | Fotografo di Matrimoni a Torino","og_description":"Fotografo di matrimoni a Torino: cattura ogni istante del tuo grande giorno con scatti autentici e ricchi di emozioni.","og_url":"https:\/\/www.ivanfois.com\/fotografo-matrimoni-torino\/","og_site_name":"Ivan Fois Wedding","article_publisher":"https:\/\/www.facebook.com\/ivanfois.weddingphotographer","article_modified_time":"2025-03-02T10:34:35+00:00","og_image":[{"width":1920,"height":1280,"url":"https:\/\/www.ivanfois.com\/fotografo-matrimoni-torino\/wp-content\/uploads\/2024\/07\/WEDDING-01-c8f1d72f.jpg","type":"image\/jpeg"}],"twitter_card":"summary_large_image","twitter_misc":{"Tempo di lettura stimato":"12 minuti"},"schema":{"@context":"https:\/\/schema.org","@graph":[{"@type":"WebPage","@id":"https:\/\/www.ivanfois.com\/fotografo-matrimoni-torino\/","url":"https:\/\/www.ivanfois.com\/fotografo-matrimoni-torino\/","name":"Ivan Fois Wedding | Fotografo di Matrimoni a Torino","isPartOf":{"@id":"https:\/\/www.ivanfois.com\/fotografo-matrimoni-torino\/#website"},"primaryImageOfPage":{"@id":"https:\/\/www.ivanfois.com\/fotografo-matrimoni-torino\/#primaryimage"},"image":{"@id":"https:\/\/www.ivanfois.com\/fotografo-matrimoni-torino\/#primaryimage"},"thumbnailUrl":"https:\/\/www.ivanfois.com\/fotografo-matrimoni-torino\/wp-content\/uploads\/2024\/07\/WEDDING-01-c8f1d72f.jpg","datePublished":"2024-07-22T12:17:27+00:00","dateModified":"2025-03-02T10:34:35+00:00","description":"Fotografo di matrimoni a Torino: cattura ogni istante del tuo grande giorno con scatti autentici e ricchi di emozioni.","breadcrumb":{"@id":"https:\/\/www.ivanfois.com\/fotografo-matrimoni-torino\/#breadcrumb"},"inLanguage":"it-IT","potentialAction":[{"@type":"ReadAction","target":["https:\/\/www.ivanfois.com\/fotografo-matrimoni-torino\/"]}]},{"@type":"ImageObject","inLanguage":"it-IT","@id":"https:\/\/www.ivanfois.com\/fotografo-matrimoni-torino\/#primaryimage","url":"https:\/\/www.ivanfois.com\/fotografo-matrimoni-torino\/wp-content\/uploads\/2024\/07\/WEDDING-01-c8f1d72f.jpg","contentUrl":"https:\/\/www.ivanfois.com\/fotografo-matrimoni-torino\/wp-content\/uploads\/2024\/07\/WEDDING-01-c8f1d72f.jpg","width":1920,"height":1280},{"@type":"BreadcrumbList","@id":"https:\/\/www.ivanfois.com\/fotografo-matrimoni-torino\/#breadcrumb","itemListElement":[{"@type":"ListItem","position":1,"name":"Home","item":"https:\/\/www.ivanfois.com\/fotografo-matrimoni-torino\/"},{"@type":"ListItem","position":2,"name":"Home"}]},{"@type":"WebSite","@id":"https:\/\/www.ivanfois.com\/fotografo-matrimoni-torino\/#website","url":"https:\/\/www.ivanfois.com\/fotografo-matrimoni-torino\/","name":"Ivan Fois Wedding","description":"Fotografia di Matrimoni a Torino","publisher":{"@id":"https:\/\/www.ivanfois.com\/fotografo-matrimoni-torino\/#organization"},"potentialAction":[{"@type":"SearchAction","target":{"@type":"EntryPoint","urlTemplate":"https:\/\/www.ivanfois.com\/fotografo-matrimoni-torino\/?s={search_term_string}"},"query-input":{"@type":"PropertyValueSpecification","valueRequired":true,"valueName":"search_term_string"}}],"inLanguage":"it-IT"},{"@type":"Organization","@id":"https:\/\/www.ivanfois.com\/fotografo-matrimoni-torino\/#organization","name":"Ivan Fois Wedding","url":"https:\/\/www.ivanfois.com\/fotografo-matrimoni-torino\/","logo":{"@type":"ImageObject","inLanguage":"it-IT","@id":"https:\/\/www.ivanfois.com\/fotografo-matrimoni-torino\/#\/schema\/logo\/image\/","url":"https:\/\/www.ivanfois.com\/fotografo-matrimoni-torino\/wp-content\/uploads\/2024\/07\/cropped-Logo-280w.webp","contentUrl":"https:\/\/www.ivanfois.com\/fotografo-matrimoni-torino\/wp-content\/uploads\/2024\/07\/cropped-Logo-280w.webp","width":280,"height":132,"caption":"Ivan Fois Wedding"},"image":{"@id":"https:\/\/www.ivanfois.com\/fotografo-matrimoni-torino\/#\/schema\/logo\/image\/"},"sameAs":["https:\/\/www.facebook.com\/ivanfois.weddingphotographer","https:\/\/www.instagram.com\/ivanfois_weddingphotographer"]}]}},"_links":{"self":[{"href":"https:\/\/www.ivanfois.com\/fotografo-matrimoni-torino\/wp-json\/wp\/v2\/pages\/37","targetHints":{"allow":["GET"]}}],"collection":[{"href":"https:\/\/www.ivanfois.com\/fotografo-matrimoni-torino\/wp-json\/wp\/v2\/pages"}],"about":[{"href":"https:\/\/www.ivanfois.com\/fotografo-matrimoni-torino\/wp-json\/wp\/v2\/types\/page"}],"author":[{"embeddable":true,"href":"https:\/\/www.ivanfois.com\/fotografo-matrimoni-torino\/wp-json\/wp\/v2\/users\/1"}],"replies":[{"embeddable":true,"href":"https:\/\/www.ivanfois.com\/fotografo-matrimoni-torino\/wp-json\/wp\/v2\/comments?post=37"}],"version-history":[{"count":168,"href":"https:\/\/www.ivanfois.com\/fotografo-matrimoni-torino\/wp-json\/wp\/v2\/pages\/37\/revisions"}],"predecessor-version":[{"id":729,"href":"https:\/\/www.ivanfois.com\/fotografo-matrimoni-torino\/wp-json\/wp\/v2\/pages\/37\/revisions\/729"}],"wp:featuredmedia":[{"embeddable":true,"href":"https:\/\/www.ivanfois.com\/fotografo-matrimoni-torino\/wp-json\/wp\/v2\/media\/88"}],"wp:attachment":[{"href":"https:\/\/www.ivanfois.com\/fotografo-matrimoni-torino\/wp-json\/wp\/v2\/media?parent=37"}],"curies":[{"name":"wp","href":"https:\/\/api.w.org\/{rel}","templated":true}]}}