{"id":164,"date":"2024-07-23T11:43:19","date_gmt":"2024-07-23T11:43:19","guid":{"rendered":"https:\/\/lnx.ivanfois.com\/fotografo-matrimoni-torino\/?page_id=164"},"modified":"2024-10-28T08:53:00","modified_gmt":"2024-10-28T08:53:00","slug":"about","status":"publish","type":"page","link":"https:\/\/www.ivanfois.com\/fotografo-matrimoni-torino\/about\/","title":{"rendered":"About"},"content":{"rendered":"\t\t<div data-elementor-type=\"wp-page\" data-elementor-id=\"164\" class=\"elementor elementor-164\">\n\t\t\t\t<div class=\"elementor-element elementor-element-61a4b214 e-flex e-con-boxed e-con e-parent\" data-id=\"61a4b214\" data-element_type=\"container\" data-settings=\"{&quot;background_background&quot;:&quot;classic&quot;}\">\n\t\t\t\t\t<div class=\"e-con-inner\">\n\t\t\t\t<div class=\"elementor-element elementor-element-44fd37e8 elementor-widget elementor-widget-heading\" data-id=\"44fd37e8\" data-element_type=\"widget\" data-widget_type=\"heading.default\">\n\t\t\t\t<div class=\"elementor-widget-container\">\n\t\t\t<h1 class=\"elementor-heading-title elementor-size-default\">About Me.<\/h1>\t\t<\/div>\n\t\t\t\t<\/div>\n\t\t\t\t\t<\/div>\n\t\t\t\t<\/div>\n\t\t<div class=\"elementor-element elementor-element-26d7ef66 e-flex e-con-boxed e-con e-parent\" data-id=\"26d7ef66\" data-element_type=\"container\">\n\t\t\t\t\t<div class=\"e-con-inner\">\n\t\t<div class=\"elementor-element elementor-element-2f7e5c7 e-con-full e-flex e-con e-child\" data-id=\"2f7e5c7\" data-element_type=\"container\">\n\t\t\t\t<div class=\"elementor-element elementor-element-fac8011 elementor-widget elementor-widget-heading\" data-id=\"fac8011\" data-element_type=\"widget\" data-widget_type=\"heading.default\">\n\t\t\t\t<div class=\"elementor-widget-container\">\n\t\t\t<h2 class=\"elementor-heading-title elementor-size-default\">Non faccio il fotografo per caso. No.<\/h2>\t\t<\/div>\n\t\t\t\t<\/div>\n\t\t\t\t<div class=\"elementor-element elementor-element-75d46349 elementor-widget-divider--view-line elementor-widget elementor-widget-divider\" data-id=\"75d46349\" data-element_type=\"widget\" data-widget_type=\"divider.default\">\n\t\t\t\t<div class=\"elementor-widget-container\">\n\t\t\t\t\t<div class=\"elementor-divider\">\n\t\t\t<span class=\"elementor-divider-separator\">\n\t\t\t\t\t\t<\/span>\n\t\t<\/div>\n\t\t\t\t<\/div>\n\t\t\t\t<\/div>\n\t\t\t\t<div class=\"elementor-element elementor-element-50332821 elementor-widget elementor-widget-text-editor\" data-id=\"50332821\" data-element_type=\"widget\" data-widget_type=\"text-editor.default\">\n\t\t\t\t<div class=\"elementor-widget-container\">\n\t\t\t\t\t\t\tNon mi sono imbattuto casualmente in questo lavoro, l\u2019ho voluto fortemente fin da adolescente, quando i miei genitori facevano altri progetti per me e per la mia vita.\t\t\t\t\t\t<\/div>\n\t\t\t\t<\/div>\n\t\t\t\t<\/div>\n\t\t<div class=\"elementor-element elementor-element-13d7272d e-con-full e-flex e-con e-child\" data-id=\"13d7272d\" data-element_type=\"container\">\n\t\t\t\t<div class=\"elementor-element elementor-element-527a6295 elementor-widget elementor-widget-image\" data-id=\"527a6295\" data-element_type=\"widget\" data-widget_type=\"image.default\">\n\t\t\t\t<div class=\"elementor-widget-container\">\n\t\t\t\t\t\t\t\t\t\t\t\t\t<img fetchpriority=\"high\" decoding=\"async\" width=\"1024\" height=\"682\" src=\"https:\/\/www.ivanfois.com\/fotografo-matrimoni-torino\/wp-content\/uploads\/2024\/07\/462041_260256284048583_710807247_o-2880w-1024x682.jpeg\" class=\"attachment-large size-large wp-image-165\" alt=\"\" srcset=\"https:\/\/www.ivanfois.com\/fotografo-matrimoni-torino\/wp-content\/uploads\/2024\/07\/462041_260256284048583_710807247_o-2880w-1024x682.jpeg 1024w, https:\/\/www.ivanfois.com\/fotografo-matrimoni-torino\/wp-content\/uploads\/2024\/07\/462041_260256284048583_710807247_o-2880w-300x200.jpeg 300w, https:\/\/www.ivanfois.com\/fotografo-matrimoni-torino\/wp-content\/uploads\/2024\/07\/462041_260256284048583_710807247_o-2880w-768x512.jpeg 768w, https:\/\/www.ivanfois.com\/fotografo-matrimoni-torino\/wp-content\/uploads\/2024\/07\/462041_260256284048583_710807247_o-2880w-1536x1024.jpeg 1536w, https:\/\/www.ivanfois.com\/fotografo-matrimoni-torino\/wp-content\/uploads\/2024\/07\/462041_260256284048583_710807247_o-2880w-389x259.jpeg 389w, https:\/\/www.ivanfois.com\/fotografo-matrimoni-torino\/wp-content\/uploads\/2024\/07\/462041_260256284048583_710807247_o-2880w.jpeg 1772w\" sizes=\"(max-width: 1024px) 100vw, 1024px\" \/>\t\t\t\t\t\t\t\t\t\t\t\t\t<\/div>\n\t\t\t\t<\/div>\n\t\t\t\t<\/div>\n\t\t\t\t\t<\/div>\n\t\t\t\t<\/div>\n\t\t<div class=\"elementor-element elementor-element-6ae90ff1 e-flex e-con-boxed e-con e-parent\" data-id=\"6ae90ff1\" data-element_type=\"container\">\n\t\t\t\t\t<div class=\"e-con-inner\">\n\t\t<div class=\"elementor-element elementor-element-39ef66d6 e-con-full e-flex e-con e-child\" data-id=\"39ef66d6\" data-element_type=\"container\">\n\t\t\t\t<div class=\"elementor-element elementor-element-3e5aa265 elementor-widget elementor-widget-image\" data-id=\"3e5aa265\" data-element_type=\"widget\" data-widget_type=\"image.default\">\n\t\t\t\t<div class=\"elementor-widget-container\">\n\t\t\t\t\t\t\t\t\t\t\t\t\t<img decoding=\"async\" width=\"1024\" height=\"683\" src=\"https:\/\/www.ivanfois.com\/fotografo-matrimoni-torino\/wp-content\/uploads\/2024\/07\/SALONENAUTICO-121-78f6370f-1920w-1024x683.webp\" class=\"attachment-large size-large wp-image-166\" alt=\"\" srcset=\"https:\/\/www.ivanfois.com\/fotografo-matrimoni-torino\/wp-content\/uploads\/2024\/07\/SALONENAUTICO-121-78f6370f-1920w-1024x683.webp 1024w, https:\/\/www.ivanfois.com\/fotografo-matrimoni-torino\/wp-content\/uploads\/2024\/07\/SALONENAUTICO-121-78f6370f-1920w-300x200.webp 300w, https:\/\/www.ivanfois.com\/fotografo-matrimoni-torino\/wp-content\/uploads\/2024\/07\/SALONENAUTICO-121-78f6370f-1920w-768x512.webp 768w, https:\/\/www.ivanfois.com\/fotografo-matrimoni-torino\/wp-content\/uploads\/2024\/07\/SALONENAUTICO-121-78f6370f-1920w-1536x1024.webp 1536w, https:\/\/www.ivanfois.com\/fotografo-matrimoni-torino\/wp-content\/uploads\/2024\/07\/SALONENAUTICO-121-78f6370f-1920w-389x259.webp 389w, https:\/\/www.ivanfois.com\/fotografo-matrimoni-torino\/wp-content\/uploads\/2024\/07\/SALONENAUTICO-121-78f6370f-1920w.webp 1920w\" sizes=\"(max-width: 1024px) 100vw, 1024px\" \/>\t\t\t\t\t\t\t\t\t\t\t\t\t<\/div>\n\t\t\t\t<\/div>\n\t\t\t\t<\/div>\n\t\t<div class=\"elementor-element elementor-element-4123adff e-con-full e-flex e-con e-child\" data-id=\"4123adff\" data-element_type=\"container\">\n\t\t\t\t<div class=\"elementor-element elementor-element-2d202484 elementor-widget elementor-widget-heading\" data-id=\"2d202484\" data-element_type=\"widget\" data-widget_type=\"heading.default\">\n\t\t\t\t<div class=\"elementor-widget-container\">\n\t\t\t<h2 class=\"elementor-heading-title elementor-size-default\">Questa io la chiamo vita.<\/h2>\t\t<\/div>\n\t\t\t\t<\/div>\n\t\t\t\t<div class=\"elementor-element elementor-element-675e0837 elementor-widget-divider--view-line elementor-widget elementor-widget-divider\" data-id=\"675e0837\" data-element_type=\"widget\" data-widget_type=\"divider.default\">\n\t\t\t\t<div class=\"elementor-widget-container\">\n\t\t\t\t\t<div class=\"elementor-divider\">\n\t\t\t<span class=\"elementor-divider-separator\">\n\t\t\t\t\t\t<\/span>\n\t\t<\/div>\n\t\t\t\t<\/div>\n\t\t\t\t<\/div>\n\t\t\t\t<div class=\"elementor-element elementor-element-3fc998a elementor-widget elementor-widget-text-editor\" data-id=\"3fc998a\" data-element_type=\"widget\" data-widget_type=\"text-editor.default\">\n\t\t\t\t<div class=\"elementor-widget-container\">\n\t\t\t\t\t\t\tLa mia passione totalizzante per la fotografia (insieme a quella per la musica e le moto) a poco pi\u00f9 di vent\u2019anni si \u00e8 concretizzata in un lavoro, una professione che ancora oggi, dopo moltissimo tempo trascorso dagli esordi, continua a darmi emozioni uniche e sempre diverse, offrendomi la possibilit\u00e0 di dare una mia visione del mondo, di parlare per immagini.\t\t\t\t\t\t<\/div>\n\t\t\t\t<\/div>\n\t\t\t\t<\/div>\n\t\t\t\t\t<\/div>\n\t\t\t\t<\/div>\n\t\t\t\t<section class=\"elementor-section elementor-top-section elementor-element elementor-element-66b99817 elementor-section-stretched elementor-section-boxed elementor-section-height-default elementor-section-height-default\" data-id=\"66b99817\" data-element_type=\"section\" data-settings=\"{&quot;stretch_section&quot;:&quot;section-stretched&quot;}\">\n\t\t\t\t\t\t<div class=\"elementor-container elementor-column-gap-default\">\n\t\t\t\t\t<div class=\"elementor-column elementor-col-100 elementor-top-column elementor-element elementor-element-16447ec7\" data-id=\"16447ec7\" data-element_type=\"column\">\n\t\t\t<div class=\"elementor-widget-wrap elementor-element-populated\">\n\t\t\t\t\t\t<div class=\"elementor-element elementor-element-6927e485 elementor-widget elementor-widget-heading\" data-id=\"6927e485\" data-element_type=\"widget\" data-widget_type=\"heading.default\">\n\t\t\t\t<div class=\"elementor-widget-container\">\n\t\t\t<h2 class=\"elementor-heading-title elementor-size-default\">Ivan Fois - Wedding Photographer<\/h2>\t\t<\/div>\n\t\t\t\t<\/div>\n\t\t\t\t<div class=\"elementor-element elementor-element-885a72d elementor-widget-divider--view-line elementor-widget elementor-widget-divider\" data-id=\"885a72d\" data-element_type=\"widget\" data-widget_type=\"divider.default\">\n\t\t\t\t<div class=\"elementor-widget-container\">\n\t\t\t\t\t<div class=\"elementor-divider\">\n\t\t\t<span class=\"elementor-divider-separator\">\n\t\t\t\t\t\t<\/span>\n\t\t<\/div>\n\t\t\t\t<\/div>\n\t\t\t\t<\/div>\n\t\t\t\t<div class=\"elementor-element elementor-element-1df66972 elementor-widget elementor-widget-text-editor\" data-id=\"1df66972\" data-element_type=\"widget\" data-widget_type=\"text-editor.default\">\n\t\t\t\t<div class=\"elementor-widget-container\">\n\t\t\t\t\t\t\t<p>Mi sono accostato alla fotografia di matrimonio fin da molto giovane. Mi affascinava l\u2019idea di avere l\u00ec, davanti ai miei occhi, tutto il materiale per poter raccontare una storia, una storia sempre diversa, perch\u00e9 diverse sono le persone, le location, gli invitati&#8230;<br \/><br \/><\/p><p>Di qui l\u2019idea non preconcetta del matrimonio, che guardo con occhi sempre nuovi, realizzando reportage cuciti sulla personalit\u00e0 degli sposi e del singolo evento, cercando di catturare pi\u00f9 autenticit\u00e0 possibile, fatta di sentimenti, di emozioni e stati d\u2019animo tra i pi\u00f9 intensi, filtrati attraverso il mio sguardo e la mia sensibilit\u00e0 estetica, nell\u2019ottica di valorizzare pienamente ciascuno.<\/p>\t\t\t\t\t\t<\/div>\n\t\t\t\t<\/div>\n\t\t\t\t<div class=\"elementor-element elementor-element-13eb5445 elementor-arrows-position-outside elementor-pagination-position-outside elementor-widget elementor-widget-image-carousel\" data-id=\"13eb5445\" data-element_type=\"widget\" data-settings=\"{&quot;slides_to_show&quot;:&quot;6&quot;,&quot;slides_to_show_mobile&quot;:&quot;2&quot;,&quot;slides_to_scroll_mobile&quot;:&quot;1&quot;,&quot;navigation&quot;:&quot;both&quot;,&quot;autoplay&quot;:&quot;yes&quot;,&quot;pause_on_hover&quot;:&quot;yes&quot;,&quot;pause_on_interaction&quot;:&quot;yes&quot;,&quot;autoplay_speed&quot;:5000,&quot;infinite&quot;:&quot;yes&quot;,&quot;speed&quot;:500}\" data-widget_type=\"image-carousel.default\">\n\t\t\t\t<div class=\"elementor-widget-container\">\n\t\t\t\t\t<div class=\"elementor-image-carousel-wrapper swiper\" dir=\"ltr\">\n\t\t\t<div class=\"elementor-image-carousel swiper-wrapper\" aria-live=\"off\">\n\t\t\t\t\t\t\t\t<div class=\"swiper-slide\" role=\"group\" aria-roledescription=\"slide\" aria-label=\"1 di 9\"><a data-elementor-open-lightbox=\"yes\" data-elementor-lightbox-slideshow=\"13eb5445\" data-elementor-lightbox-title=\"resource-portrait-it.jpg\" data-e-action-hash=\"#elementor-action%3Aaction%3Dlightbox%26settings%3DeyJpZCI6IjQ2IiwidXJsIjoiaHR0cHM6XC9cL3d3dy5pdmFuZm9pcy5jb21cL2ZvdG9ncmFmby1tYXRyaW1vbmktdG9yaW5vXC93cC1jb250ZW50XC91cGxvYWRzXC8yMDI0XC8wN1wvcmVzb3VyY2UtcG9ydHJhaXQtaXQuanBnIiwic2xpZGVzaG93IjoiMTNlYjU0NDUifQ%3D%3D\" href=\"https:\/\/www.ivanfois.com\/fotografo-matrimoni-torino\/wp-content\/uploads\/2024\/07\/resource-portrait-it.jpg\"><figure class=\"swiper-slide-inner\"><img decoding=\"async\" class=\"swiper-slide-image\" src=\"https:\/\/www.ivanfois.com\/fotografo-matrimoni-torino\/wp-content\/uploads\/elementor\/thumbs\/resource-portrait-it-qrhicv8h7jqbihqjyw85tzbqxgjr93dq8yoaq13v6c.jpg\" alt=\"resource-portrait-it.jpg\" \/><\/figure><\/a><\/div><div class=\"swiper-slide\" role=\"group\" aria-roledescription=\"slide\" aria-label=\"2 di 9\"><a data-elementor-open-lightbox=\"yes\" data-elementor-lightbox-slideshow=\"13eb5445\" data-elementor-lightbox-title=\"Wedding_Awards_2021.jpg\" data-e-action-hash=\"#elementor-action%3Aaction%3Dlightbox%26settings%3DeyJpZCI6IjQ3IiwidXJsIjoiaHR0cHM6XC9cL3d3dy5pdmFuZm9pcy5jb21cL2ZvdG9ncmFmby1tYXRyaW1vbmktdG9yaW5vXC93cC1jb250ZW50XC91cGxvYWRzXC8yMDI0XC8wN1wvV2VkZGluZ19Bd2FyZHNfMjAyMS5qcGciLCJzbGlkZXNob3ciOiIxM2ViNTQ0NSJ9\" href=\"https:\/\/www.ivanfois.com\/fotografo-matrimoni-torino\/wp-content\/uploads\/2024\/07\/Wedding_Awards_2021.jpg\"><figure class=\"swiper-slide-inner\"><img decoding=\"async\" class=\"swiper-slide-image\" src=\"https:\/\/www.ivanfois.com\/fotografo-matrimoni-torino\/wp-content\/uploads\/elementor\/thumbs\/Wedding_Awards_2021-qrhicv8h7jqbihqjyw85tzbqxgjr93dq8yoaq13v6c.jpg\" alt=\"Wedding_Awards_2021.jpg\" \/><\/figure><\/a><\/div><div class=\"swiper-slide\" role=\"group\" aria-roledescription=\"slide\" aria-label=\"3 di 9\"><a data-elementor-open-lightbox=\"yes\" data-elementor-lightbox-slideshow=\"13eb5445\" data-elementor-lightbox-title=\"Wedding_Awards_2020-1.jpg\" data-e-action-hash=\"#elementor-action%3Aaction%3Dlightbox%26settings%3DeyJpZCI6IjQ4IiwidXJsIjoiaHR0cHM6XC9cL3d3dy5pdmFuZm9pcy5jb21cL2ZvdG9ncmFmby1tYXRyaW1vbmktdG9yaW5vXC93cC1jb250ZW50XC91cGxvYWRzXC8yMDI0XC8wN1wvV2VkZGluZ19Bd2FyZHNfMjAyMC0xLmpwZyIsInNsaWRlc2hvdyI6IjEzZWI1NDQ1In0%3D\" href=\"https:\/\/www.ivanfois.com\/fotografo-matrimoni-torino\/wp-content\/uploads\/2024\/07\/Wedding_Awards_2020-1.jpg\"><figure class=\"swiper-slide-inner\"><img decoding=\"async\" class=\"swiper-slide-image\" src=\"https:\/\/www.ivanfois.com\/fotografo-matrimoni-torino\/wp-content\/uploads\/elementor\/thumbs\/Wedding_Awards_2020-1-qrhicx45l7sw5pntnx1eyyuo48ahohl6x7z9ol12tw.jpg\" alt=\"Wedding_Awards_2020-1.jpg\" \/><\/figure><\/a><\/div><div class=\"swiper-slide\" role=\"group\" aria-roledescription=\"slide\" aria-label=\"4 di 9\"><a data-elementor-open-lightbox=\"yes\" data-elementor-lightbox-slideshow=\"13eb5445\" data-elementor-lightbox-title=\"Wedding_Awards_2019.jpg\" data-e-action-hash=\"#elementor-action%3Aaction%3Dlightbox%26settings%3DeyJpZCI6IjQ5IiwidXJsIjoiaHR0cHM6XC9cL3d3dy5pdmFuZm9pcy5jb21cL2ZvdG9ncmFmby1tYXRyaW1vbmktdG9yaW5vXC93cC1jb250ZW50XC91cGxvYWRzXC8yMDI0XC8wN1wvV2VkZGluZ19Bd2FyZHNfMjAxOS5qcGciLCJzbGlkZXNob3ciOiIxM2ViNTQ0NSJ9\" href=\"https:\/\/www.ivanfois.com\/fotografo-matrimoni-torino\/wp-content\/uploads\/2024\/07\/Wedding_Awards_2019.jpg\"><figure class=\"swiper-slide-inner\"><img decoding=\"async\" class=\"swiper-slide-image\" src=\"https:\/\/www.ivanfois.com\/fotografo-matrimoni-torino\/wp-content\/uploads\/elementor\/thumbs\/Wedding_Awards_2019-qrhicyztyvvgsxl3cxuo3ydlb0183vsnlha8n4yahg.jpg\" alt=\"Wedding_Awards_2019.jpg\" \/><\/figure><\/a><\/div><div class=\"swiper-slide\" role=\"group\" aria-roledescription=\"slide\" aria-label=\"5 di 9\"><a data-elementor-open-lightbox=\"yes\" data-elementor-lightbox-slideshow=\"13eb5445\" data-elementor-lightbox-title=\"Wedding_Awards_2018.jpg\" data-e-action-hash=\"#elementor-action%3Aaction%3Dlightbox%26settings%3DeyJpZCI6IjUwIiwidXJsIjoiaHR0cHM6XC9cL3d3dy5pdmFuZm9pcy5jb21cL2ZvdG9ncmFmby1tYXRyaW1vbmktdG9yaW5vXC93cC1jb250ZW50XC91cGxvYWRzXC8yMDI0XC8wN1wvV2VkZGluZ19Bd2FyZHNfMjAxOC5qcGciLCJzbGlkZXNob3ciOiIxM2ViNTQ0NSJ9\" href=\"https:\/\/www.ivanfois.com\/fotografo-matrimoni-torino\/wp-content\/uploads\/2024\/07\/Wedding_Awards_2018.jpg\"><figure class=\"swiper-slide-inner\"><img decoding=\"async\" class=\"swiper-slide-image\" src=\"https:\/\/www.ivanfois.com\/fotografo-matrimoni-torino\/wp-content\/uploads\/elementor\/thumbs\/Wedding_Awards_2018-qrhiczxo5pwr4jjq7g9aog51wdwlbkwdxlxq4ewwb8.jpg\" alt=\"Wedding_Awards_2018.jpg\" \/><\/figure><\/a><\/div><div class=\"swiper-slide\" role=\"group\" aria-roledescription=\"slide\" aria-label=\"6 di 9\"><a data-elementor-open-lightbox=\"yes\" data-elementor-lightbox-slideshow=\"13eb5445\" data-elementor-lightbox-title=\"Wedding_Awards_2017.jpg\" data-e-action-hash=\"#elementor-action%3Aaction%3Dlightbox%26settings%3DeyJpZCI6IjUxIiwidXJsIjoiaHR0cHM6XC9cL3d3dy5pdmFuZm9pcy5jb21cL2ZvdG9ncmFmby1tYXRyaW1vbmktdG9yaW5vXC93cC1jb250ZW50XC91cGxvYWRzXC8yMDI0XC8wN1wvV2VkZGluZ19Bd2FyZHNfMjAxNy5qcGciLCJzbGlkZXNob3ciOiIxM2ViNTQ0NSJ9\" href=\"https:\/\/www.ivanfois.com\/fotografo-matrimoni-torino\/wp-content\/uploads\/2024\/07\/Wedding_Awards_2017.jpg\"><figure class=\"swiper-slide-inner\"><img decoding=\"async\" class=\"swiper-slide-image\" src=\"https:\/\/www.ivanfois.com\/fotografo-matrimoni-torino\/wp-content\/uploads\/elementor\/thumbs\/Wedding_Awards_2017-qrhid1tcjdzbrrgzwh2jtfnz35nbqz3ulv8p2yu3ys.jpg\" alt=\"Wedding_Awards_2017.jpg\" \/><\/figure><\/a><\/div><div class=\"swiper-slide\" role=\"group\" aria-roledescription=\"slide\" aria-label=\"7 di 9\"><a data-elementor-open-lightbox=\"yes\" data-elementor-lightbox-slideshow=\"13eb5445\" data-elementor-lightbox-title=\"Wedding_Awards_2016.jpg\" data-e-action-hash=\"#elementor-action%3Aaction%3Dlightbox%26settings%3DeyJpZCI6IjUyIiwidXJsIjoiaHR0cHM6XC9cL3d3dy5pdmFuZm9pcy5jb21cL2ZvdG9ncmFmby1tYXRyaW1vbmktdG9yaW5vXC93cC1jb250ZW50XC91cGxvYWRzXC8yMDI0XC8wN1wvV2VkZGluZ19Bd2FyZHNfMjAxNi5qcGciLCJzbGlkZXNob3ciOiIxM2ViNTQ0NSJ9\" href=\"https:\/\/www.ivanfois.com\/fotografo-matrimoni-torino\/wp-content\/uploads\/2024\/07\/Wedding_Awards_2016.jpg\"><figure class=\"swiper-slide-inner\"><img decoding=\"async\" class=\"swiper-slide-image\" src=\"https:\/\/www.ivanfois.com\/fotografo-matrimoni-torino\/wp-content\/uploads\/elementor\/thumbs\/Wedding_Awards_2016-qrhid3p0x21weze9lhvsyf6w9xe26dbba4jo1irbmc.jpg\" alt=\"Wedding_Awards_2016.jpg\" \/><\/figure><\/a><\/div><div class=\"swiper-slide\" role=\"group\" aria-roledescription=\"slide\" aria-label=\"8 di 9\"><a data-elementor-open-lightbox=\"yes\" data-elementor-lightbox-slideshow=\"13eb5445\" data-elementor-lightbox-title=\"Wedding_Awards_2015-1-1.jpg\" data-e-action-hash=\"#elementor-action%3Aaction%3Dlightbox%26settings%3DeyJpZCI6IjUzIiwidXJsIjoiaHR0cHM6XC9cL3d3dy5pdmFuZm9pcy5jb21cL2ZvdG9ncmFmby1tYXRyaW1vbmktdG9yaW5vXC93cC1jb250ZW50XC91cGxvYWRzXC8yMDI0XC8wN1wvV2VkZGluZ19Bd2FyZHNfMjAxNS0xLTEuanBnIiwic2xpZGVzaG93IjoiMTNlYjU0NDUifQ%3D%3D\" href=\"https:\/\/www.ivanfois.com\/fotografo-matrimoni-torino\/wp-content\/uploads\/2024\/07\/Wedding_Awards_2015-1-1.jpg\"><figure class=\"swiper-slide-inner\"><img decoding=\"async\" class=\"swiper-slide-image\" src=\"https:\/\/www.ivanfois.com\/fotografo-matrimoni-torino\/wp-content\/uploads\/elementor\/thumbs\/Wedding_Awards_2015-1-1-qrhid5kpaq4h27bjaip23eptgp4slrirydun02oj9w.jpg\" alt=\"Wedding_Awards_2015-1-1.jpg\" \/><\/figure><\/a><\/div><div class=\"swiper-slide\" role=\"group\" aria-roledescription=\"slide\" aria-label=\"9 di 9\"><a data-elementor-open-lightbox=\"yes\" data-elementor-lightbox-slideshow=\"13eb5445\" data-elementor-lightbox-title=\"Wedding_Awards_2014-1.jpg\" data-e-action-hash=\"#elementor-action%3Aaction%3Dlightbox%26settings%3DeyJpZCI6IjU0IiwidXJsIjoiaHR0cHM6XC9cL3d3dy5pdmFuZm9pcy5jb21cL2ZvdG9ncmFmby1tYXRyaW1vbmktdG9yaW5vXC93cC1jb250ZW50XC91cGxvYWRzXC8yMDI0XC8wN1wvV2VkZGluZ19Bd2FyZHNfMjAxNC0xLmpwZyIsInNsaWRlc2hvdyI6IjEzZWI1NDQ1In0%3D\" href=\"https:\/\/www.ivanfois.com\/fotografo-matrimoni-torino\/wp-content\/uploads\/2024\/07\/Wedding_Awards_2014-1.jpg\"><figure class=\"swiper-slide-inner\"><img decoding=\"async\" class=\"swiper-slide-image\" src=\"https:\/\/www.ivanfois.com\/fotografo-matrimoni-torino\/wp-content\/uploads\/elementor\/thumbs\/Wedding_Awards_2014-1-qrhid7gdoe71pf8szjib8e8qngvj15q8mn5lymlqxg.jpg\" alt=\"Wedding_Awards_2014-1.jpg\" \/><\/figure><\/a><\/div>\t\t\t<\/div>\n\t\t\t\t\t\t\t\t\t\t\t\t<div class=\"elementor-swiper-button elementor-swiper-button-prev\" role=\"button\" tabindex=\"0\">\n\t\t\t\t\t\t<svg aria-hidden=\"true\" class=\"e-font-icon-svg e-eicon-chevron-left\" viewBox=\"0 0 1000 1000\" xmlns=\"http:\/\/www.w3.org\/2000\/svg\"><path d=\"M646 125C629 125 613 133 604 142L308 442C296 454 292 471 292 487 292 504 296 521 308 533L604 854C617 867 629 875 646 875 663 875 679 871 692 858 704 846 713 829 713 812 713 796 708 779 692 767L438 487 692 225C700 217 708 204 708 187 708 171 704 154 692 142 675 129 663 125 646 125Z\"><\/path><\/svg>\t\t\t\t\t<\/div>\n\t\t\t\t\t<div class=\"elementor-swiper-button elementor-swiper-button-next\" role=\"button\" tabindex=\"0\">\n\t\t\t\t\t\t<svg aria-hidden=\"true\" class=\"e-font-icon-svg e-eicon-chevron-right\" viewBox=\"0 0 1000 1000\" xmlns=\"http:\/\/www.w3.org\/2000\/svg\"><path d=\"M696 533C708 521 713 504 713 487 713 471 708 454 696 446L400 146C388 133 375 125 354 125 338 125 325 129 313 142 300 154 292 171 292 187 292 204 296 221 308 233L563 492 304 771C292 783 288 800 288 817 288 833 296 850 308 863 321 871 338 875 354 875 371 875 388 867 400 854L696 533Z\"><\/path><\/svg>\t\t\t\t\t<\/div>\n\t\t\t\t\n\t\t\t\t\t\t\t\t\t<div class=\"swiper-pagination\"><\/div>\n\t\t\t\t\t\t\t\t\t<\/div>\n\t\t\t\t<\/div>\n\t\t\t\t<\/div>\n\t\t\t\t<div class=\"elementor-element elementor-element-59a709fa elementor-widget elementor-widget-text-editor\" data-id=\"59a709fa\" data-element_type=\"widget\" data-widget_type=\"text-editor.default\">\n\t\t\t\t<div class=\"elementor-widget-container\">\n\t\t\t\t\t\t\tViaggio lungo tutto il territorio Italiano e all\u2019estero per offrire i miei servizi alle coppie che desiderano che siano il mio occhio e la mia creativit\u00e0 a raccontare la loro storia. Oltre che in Italia, ho fotografato matrimoni in Svizzera, Francia, Austria e India.\t\t\t\t\t\t<\/div>\n\t\t\t\t<\/div>\n\t\t\t\t\t<\/div>\n\t\t<\/div>\n\t\t\t\t\t<\/div>\n\t\t<\/section>\n\t\t<div class=\"elementor-element elementor-element-581ea894 e-flex e-con-boxed e-con e-parent\" data-id=\"581ea894\" data-element_type=\"container\" data-settings=\"{&quot;background_background&quot;:&quot;classic&quot;}\">\n\t\t\t\t\t<div class=\"e-con-inner\">\n\t\t<div class=\"elementor-element elementor-element-766183da e-con-full e-flex e-con e-child\" data-id=\"766183da\" data-element_type=\"container\" data-settings=\"{&quot;background_background&quot;:&quot;classic&quot;}\">\n\t\t\t\t<\/div>\n\t\t<div class=\"elementor-element elementor-element-67d94066 e-con-full e-flex e-con e-child\" data-id=\"67d94066\" data-element_type=\"container\" data-settings=\"{&quot;background_background&quot;:&quot;classic&quot;}\">\n\t\t\t\t<div class=\"elementor-element elementor-element-39f55259 elementor-widget elementor-widget-heading\" data-id=\"39f55259\" data-element_type=\"widget\" data-widget_type=\"heading.default\">\n\t\t\t\t<div class=\"elementor-widget-container\">\n\t\t\t<h2 class=\"elementor-heading-title elementor-size-default\">Contatti<\/h2>\t\t<\/div>\n\t\t\t\t<\/div>\n\t\t\t\t<div class=\"elementor-element elementor-element-75bb1874 elementor-widget-divider--view-line elementor-widget elementor-widget-divider\" data-id=\"75bb1874\" data-element_type=\"widget\" data-widget_type=\"divider.default\">\n\t\t\t\t<div class=\"elementor-widget-container\">\n\t\t\t\t\t<div class=\"elementor-divider\">\n\t\t\t<span class=\"elementor-divider-separator\">\n\t\t\t\t\t\t<\/span>\n\t\t<\/div>\n\t\t\t\t<\/div>\n\t\t\t\t<\/div>\n\t\t\t\t<div class=\"elementor-element elementor-element-5db919de elementor-widget elementor-widget-text-editor\" data-id=\"5db919de\" data-element_type=\"widget\" data-widget_type=\"text-editor.default\">\n\t\t\t\t<div class=\"elementor-widget-container\">\n\t\t\t\t\t\t\t<p>La vostra storia d&#8217;amore \u00e8 unica, e il mio obiettivo \u00e8 catturare la sua bellezza intrinseca. Contattatemi oggi per iniziare il viaggio verso la creazione di ricordi indelebili.<\/p>\t\t\t\t\t\t<\/div>\n\t\t\t\t<\/div>\n\t\t\t\t<div class=\"elementor-element elementor-element-16b25868 elementor-widget elementor-widget-button\" data-id=\"16b25868\" data-element_type=\"widget\" data-widget_type=\"button.default\">\n\t\t\t\t<div class=\"elementor-widget-container\">\n\t\t\t\t\t<div class=\"elementor-button-wrapper\">\n\t\t\t<a class=\"elementor-button elementor-button-link elementor-size-lg\" href=\"https:\/\/www.ivanfois.com\/fotografo-matrimoni-torino\/contatti\/\">\n\t\t\t\t\t\t<span class=\"elementor-button-content-wrapper\">\n\t\t\t\t\t\t\t\t\t<span class=\"elementor-button-text\">Contattami<\/span>\n\t\t\t\t\t<\/span>\n\t\t\t\t\t<\/a>\n\t\t<\/div>\n\t\t\t\t<\/div>\n\t\t\t\t<\/div>\n\t\t\t\t<\/div>\n\t\t\t\t\t<\/div>\n\t\t\t\t<\/div>\n\t\t\t\t<\/div>\n\t\t","protected":false},"excerpt":{"rendered":"<p>About Me. Non faccio il fotografo per caso. No. Non mi sono imbattuto casualmente in questo lavoro, l\u2019ho voluto fortemente fin da adolescente, quando i &hellip;<\/p>\n","protected":false},"author":1,"featured_media":0,"parent":0,"menu_order":0,"comment_status":"closed","ping_status":"closed","template":"elementor_header_footer","meta":{"footnotes":""},"class_list":["post-164","page","type-page","status-publish","hentry"],"yoast_head":"<!-- This site is optimized with the Yoast SEO plugin v23.9 - https:\/\/yoast.com\/wordpress\/plugins\/seo\/ -->\n<title>About - Ivan Fois Wedding<\/title>\n<meta name=\"robots\" content=\"index, follow, max-snippet:-1, max-image-preview:large, max-video-preview:-1\" \/>\n<link rel=\"canonical\" href=\"https:\/\/www.ivanfois.com\/fotografo-matrimoni-torino\/about\/\" \/>\n<meta property=\"og:locale\" content=\"it_IT\" \/>\n<meta property=\"og:type\" content=\"article\" \/>\n<meta property=\"og:title\" content=\"About - Ivan Fois Wedding\" \/>\n<meta property=\"og:description\" content=\"About Me. Non faccio il fotografo per caso. No. Non mi sono imbattuto casualmente in questo lavoro, l\u2019ho voluto fortemente fin da adolescente, quando i &hellip;\" \/>\n<meta property=\"og:url\" content=\"https:\/\/www.ivanfois.com\/fotografo-matrimoni-torino\/about\/\" \/>\n<meta property=\"og:site_name\" content=\"Ivan Fois Wedding\" \/>\n<meta property=\"article:publisher\" content=\"https:\/\/www.facebook.com\/ivanfois.weddingphotographer\" \/>\n<meta property=\"article:modified_time\" content=\"2024-10-28T08:53:00+00:00\" \/>\n<meta property=\"og:image\" content=\"https:\/\/www.ivanfois.com\/fotografo-matrimoni-torino\/wp-content\/uploads\/2024\/07\/462041_260256284048583_710807247_o-2880w.jpeg\" \/>\n\t<meta property=\"og:image:width\" content=\"1772\" \/>\n\t<meta property=\"og:image:height\" content=\"1181\" \/>\n\t<meta property=\"og:image:type\" content=\"image\/jpeg\" \/>\n<meta name=\"twitter:card\" content=\"summary_large_image\" \/>\n<meta name=\"twitter:label1\" content=\"Tempo di lettura stimato\" \/>\n\t<meta name=\"twitter:data1\" content=\"1 minuto\" \/>\n<script type=\"application\/ld+json\" class=\"yoast-schema-graph\">{\"@context\":\"https:\/\/schema.org\",\"@graph\":[{\"@type\":\"WebPage\",\"@id\":\"https:\/\/www.ivanfois.com\/fotografo-matrimoni-torino\/about\/\",\"url\":\"https:\/\/www.ivanfois.com\/fotografo-matrimoni-torino\/about\/\",\"name\":\"About - Ivan Fois Wedding\",\"isPartOf\":{\"@id\":\"https:\/\/www.ivanfois.com\/fotografo-matrimoni-torino\/#website\"},\"primaryImageOfPage\":{\"@id\":\"https:\/\/www.ivanfois.com\/fotografo-matrimoni-torino\/about\/#primaryimage\"},\"image\":{\"@id\":\"https:\/\/www.ivanfois.com\/fotografo-matrimoni-torino\/about\/#primaryimage\"},\"thumbnailUrl\":\"https:\/\/www.ivanfois.com\/fotografo-matrimoni-torino\/wp-content\/uploads\/2024\/07\/462041_260256284048583_710807247_o-2880w-1024x682.jpeg\",\"datePublished\":\"2024-07-23T11:43:19+00:00\",\"dateModified\":\"2024-10-28T08:53:00+00:00\",\"breadcrumb\":{\"@id\":\"https:\/\/www.ivanfois.com\/fotografo-matrimoni-torino\/about\/#breadcrumb\"},\"inLanguage\":\"it-IT\",\"potentialAction\":[{\"@type\":\"ReadAction\",\"target\":[\"https:\/\/www.ivanfois.com\/fotografo-matrimoni-torino\/about\/\"]}]},{\"@type\":\"ImageObject\",\"inLanguage\":\"it-IT\",\"@id\":\"https:\/\/www.ivanfois.com\/fotografo-matrimoni-torino\/about\/#primaryimage\",\"url\":\"https:\/\/www.ivanfois.com\/fotografo-matrimoni-torino\/wp-content\/uploads\/2024\/07\/462041_260256284048583_710807247_o-2880w.jpeg\",\"contentUrl\":\"https:\/\/www.ivanfois.com\/fotografo-matrimoni-torino\/wp-content\/uploads\/2024\/07\/462041_260256284048583_710807247_o-2880w.jpeg\",\"width\":1772,\"height\":1181},{\"@type\":\"BreadcrumbList\",\"@id\":\"https:\/\/www.ivanfois.com\/fotografo-matrimoni-torino\/about\/#breadcrumb\",\"itemListElement\":[{\"@type\":\"ListItem\",\"position\":1,\"name\":\"Home\",\"item\":\"https:\/\/www.ivanfois.com\/fotografo-matrimoni-torino\/\"},{\"@type\":\"ListItem\",\"position\":2,\"name\":\"About\"}]},{\"@type\":\"WebSite\",\"@id\":\"https:\/\/www.ivanfois.com\/fotografo-matrimoni-torino\/#website\",\"url\":\"https:\/\/www.ivanfois.com\/fotografo-matrimoni-torino\/\",\"name\":\"Ivan Fois Wedding\",\"description\":\"Fotografia di Matrimoni a Torino\",\"publisher\":{\"@id\":\"https:\/\/www.ivanfois.com\/fotografo-matrimoni-torino\/#organization\"},\"potentialAction\":[{\"@type\":\"SearchAction\",\"target\":{\"@type\":\"EntryPoint\",\"urlTemplate\":\"https:\/\/www.ivanfois.com\/fotografo-matrimoni-torino\/?s={search_term_string}\"},\"query-input\":{\"@type\":\"PropertyValueSpecification\",\"valueRequired\":true,\"valueName\":\"search_term_string\"}}],\"inLanguage\":\"it-IT\"},{\"@type\":\"Organization\",\"@id\":\"https:\/\/www.ivanfois.com\/fotografo-matrimoni-torino\/#organization\",\"name\":\"Ivan Fois Wedding\",\"url\":\"https:\/\/www.ivanfois.com\/fotografo-matrimoni-torino\/\",\"logo\":{\"@type\":\"ImageObject\",\"inLanguage\":\"it-IT\",\"@id\":\"https:\/\/www.ivanfois.com\/fotografo-matrimoni-torino\/#\/schema\/logo\/image\/\",\"url\":\"https:\/\/www.ivanfois.com\/fotografo-matrimoni-torino\/wp-content\/uploads\/2024\/07\/cropped-Logo-280w.webp\",\"contentUrl\":\"https:\/\/www.ivanfois.com\/fotografo-matrimoni-torino\/wp-content\/uploads\/2024\/07\/cropped-Logo-280w.webp\",\"width\":280,\"height\":132,\"caption\":\"Ivan Fois Wedding\"},\"image\":{\"@id\":\"https:\/\/www.ivanfois.com\/fotografo-matrimoni-torino\/#\/schema\/logo\/image\/\"},\"sameAs\":[\"https:\/\/www.facebook.com\/ivanfois.weddingphotographer\",\"https:\/\/www.instagram.com\/ivanfois_weddingphotographer\"]}]}<\/script>\n<!-- \/ Yoast SEO plugin. -->","yoast_head_json":{"title":"About - Ivan Fois Wedding","robots":{"index":"index","follow":"follow","max-snippet":"max-snippet:-1","max-image-preview":"max-image-preview:large","max-video-preview":"max-video-preview:-1"},"canonical":"https:\/\/www.ivanfois.com\/fotografo-matrimoni-torino\/about\/","og_locale":"it_IT","og_type":"article","og_title":"About - Ivan Fois Wedding","og_description":"About Me. Non faccio il fotografo per caso. No. Non mi sono imbattuto casualmente in questo lavoro, l\u2019ho voluto fortemente fin da adolescente, quando i &hellip;","og_url":"https:\/\/www.ivanfois.com\/fotografo-matrimoni-torino\/about\/","og_site_name":"Ivan Fois Wedding","article_publisher":"https:\/\/www.facebook.com\/ivanfois.weddingphotographer","article_modified_time":"2024-10-28T08:53:00+00:00","og_image":[{"width":1772,"height":1181,"url":"https:\/\/www.ivanfois.com\/fotografo-matrimoni-torino\/wp-content\/uploads\/2024\/07\/462041_260256284048583_710807247_o-2880w.jpeg","type":"image\/jpeg"}],"twitter_card":"summary_large_image","twitter_misc":{"Tempo di lettura stimato":"1 minuto"},"schema":{"@context":"https:\/\/schema.org","@graph":[{"@type":"WebPage","@id":"https:\/\/www.ivanfois.com\/fotografo-matrimoni-torino\/about\/","url":"https:\/\/www.ivanfois.com\/fotografo-matrimoni-torino\/about\/","name":"About - Ivan Fois Wedding","isPartOf":{"@id":"https:\/\/www.ivanfois.com\/fotografo-matrimoni-torino\/#website"},"primaryImageOfPage":{"@id":"https:\/\/www.ivanfois.com\/fotografo-matrimoni-torino\/about\/#primaryimage"},"image":{"@id":"https:\/\/www.ivanfois.com\/fotografo-matrimoni-torino\/about\/#primaryimage"},"thumbnailUrl":"https:\/\/www.ivanfois.com\/fotografo-matrimoni-torino\/wp-content\/uploads\/2024\/07\/462041_260256284048583_710807247_o-2880w-1024x682.jpeg","datePublished":"2024-07-23T11:43:19+00:00","dateModified":"2024-10-28T08:53:00+00:00","breadcrumb":{"@id":"https:\/\/www.ivanfois.com\/fotografo-matrimoni-torino\/about\/#breadcrumb"},"inLanguage":"it-IT","potentialAction":[{"@type":"ReadAction","target":["https:\/\/www.ivanfois.com\/fotografo-matrimoni-torino\/about\/"]}]},{"@type":"ImageObject","inLanguage":"it-IT","@id":"https:\/\/www.ivanfois.com\/fotografo-matrimoni-torino\/about\/#primaryimage","url":"https:\/\/www.ivanfois.com\/fotografo-matrimoni-torino\/wp-content\/uploads\/2024\/07\/462041_260256284048583_710807247_o-2880w.jpeg","contentUrl":"https:\/\/www.ivanfois.com\/fotografo-matrimoni-torino\/wp-content\/uploads\/2024\/07\/462041_260256284048583_710807247_o-2880w.jpeg","width":1772,"height":1181},{"@type":"BreadcrumbList","@id":"https:\/\/www.ivanfois.com\/fotografo-matrimoni-torino\/about\/#breadcrumb","itemListElement":[{"@type":"ListItem","position":1,"name":"Home","item":"https:\/\/www.ivanfois.com\/fotografo-matrimoni-torino\/"},{"@type":"ListItem","position":2,"name":"About"}]},{"@type":"WebSite","@id":"https:\/\/www.ivanfois.com\/fotografo-matrimoni-torino\/#website","url":"https:\/\/www.ivanfois.com\/fotografo-matrimoni-torino\/","name":"Ivan Fois Wedding","description":"Fotografia di Matrimoni a Torino","publisher":{"@id":"https:\/\/www.ivanfois.com\/fotografo-matrimoni-torino\/#organization"},"potentialAction":[{"@type":"SearchAction","target":{"@type":"EntryPoint","urlTemplate":"https:\/\/www.ivanfois.com\/fotografo-matrimoni-torino\/?s={search_term_string}"},"query-input":{"@type":"PropertyValueSpecification","valueRequired":true,"valueName":"search_term_string"}}],"inLanguage":"it-IT"},{"@type":"Organization","@id":"https:\/\/www.ivanfois.com\/fotografo-matrimoni-torino\/#organization","name":"Ivan Fois Wedding","url":"https:\/\/www.ivanfois.com\/fotografo-matrimoni-torino\/","logo":{"@type":"ImageObject","inLanguage":"it-IT","@id":"https:\/\/www.ivanfois.com\/fotografo-matrimoni-torino\/#\/schema\/logo\/image\/","url":"https:\/\/www.ivanfois.com\/fotografo-matrimoni-torino\/wp-content\/uploads\/2024\/07\/cropped-Logo-280w.webp","contentUrl":"https:\/\/www.ivanfois.com\/fotografo-matrimoni-torino\/wp-content\/uploads\/2024\/07\/cropped-Logo-280w.webp","width":280,"height":132,"caption":"Ivan Fois Wedding"},"image":{"@id":"https:\/\/www.ivanfois.com\/fotografo-matrimoni-torino\/#\/schema\/logo\/image\/"},"sameAs":["https:\/\/www.facebook.com\/ivanfois.weddingphotographer","https:\/\/www.instagram.com\/ivanfois_weddingphotographer"]}]}},"_links":{"self":[{"href":"https:\/\/www.ivanfois.com\/fotografo-matrimoni-torino\/wp-json\/wp\/v2\/pages\/164","targetHints":{"allow":["GET"]}}],"collection":[{"href":"https:\/\/www.ivanfois.com\/fotografo-matrimoni-torino\/wp-json\/wp\/v2\/pages"}],"about":[{"href":"https:\/\/www.ivanfois.com\/fotografo-matrimoni-torino\/wp-json\/wp\/v2\/types\/page"}],"author":[{"embeddable":true,"href":"https:\/\/www.ivanfois.com\/fotografo-matrimoni-torino\/wp-json\/wp\/v2\/users\/1"}],"replies":[{"embeddable":true,"href":"https:\/\/www.ivanfois.com\/fotografo-matrimoni-torino\/wp-json\/wp\/v2\/comments?post=164"}],"version-history":[{"count":6,"href":"https:\/\/www.ivanfois.com\/fotografo-matrimoni-torino\/wp-json\/wp\/v2\/pages\/164\/revisions"}],"predecessor-version":[{"id":567,"href":"https:\/\/www.ivanfois.com\/fotografo-matrimoni-torino\/wp-json\/wp\/v2\/pages\/164\/revisions\/567"}],"wp:attachment":[{"href":"https:\/\/www.ivanfois.com\/fotografo-matrimoni-torino\/wp-json\/wp\/v2\/media?parent=164"}],"curies":[{"name":"wp","href":"https:\/\/api.w.org\/{rel}","templated":true}]}}